{"id":2564,"date":"2025-02-25T16:55:20","date_gmt":"2025-02-25T15:55:20","guid":{"rendered":"http:\/\/hotelamadeus.at.w01ff341.kasserver.com\/luoghi-di-interesse\/"},"modified":"2025-10-20T16:41:56","modified_gmt":"2025-10-20T14:41:56","slug":"luoghi-di-interesse","status":"publish","type":"page","link":"https:\/\/www.hotelamadeus.at\/it\/luoghi-di-interesse\/","title":{"rendered":"Luoghi di interesse"},"content":{"rendered":"\t\t<div data-elementor-type=\"wp-page\" data-elementor-id=\"2564\" class=\"elementor elementor-2564 elementor-637\" data-elementor-post-type=\"page\">\n\t\t\t\t<main class=\"elementor-element elementor-element-b2b6ebb main p-8 e-flex e-con-boxed e-con e-parent\" data-id=\"b2b6ebb\" data-element_type=\"container\">\n\t\t\t\t\t<div class=\"e-con-inner\">\n\t\t<div class=\"elementor-element elementor-element-4cec3a5 e-con-full content-grid gap-y-5  align-items-end e-flex e-con e-child\" data-id=\"4cec3a5\" data-element_type=\"container\">\n\t\t\t\t<div class=\"elementor-element elementor-element-ea7652e grid-heading-info-text mb-0 elementor-widget elementor-widget-heading\" data-id=\"ea7652e\" data-element_type=\"widget\" data-aos=\"fade-right\" data-widget_type=\"heading.default\">\n\t\t\t\t<div class=\"elementor-widget-container\">\n\t\t\t\t\t<h1 class=\"elementor-heading-title elementor-size-default\">Attrazioni a Salisburgo e dintorni<\/h1>\t\t\t\t<\/div>\n\t\t\t\t<\/div>\n\t\t\t\t<div class=\"elementor-element elementor-element-b94f923 grid-info-text-subline info-text elementor-widget elementor-widget-heading\" data-id=\"b94f923\" data-element_type=\"widget\" data-aos=\"fade-left\" data-aos-delay=\"300\" data-widget_type=\"heading.default\">\n\t\t\t\t<div class=\"elementor-widget-container\">\n\t\t\t\t\t<p class=\"elementor-heading-title elementor-size-default\">State pianificando un weekend in citt\u00e0 o volete visitare Salisburgo con i vostri bambini? Qui trovate suggerimenti e idee per un'esperienza indimenticabile nella citt\u00e0 di Mozart.<\/p>\t\t\t\t<\/div>\n\t\t\t\t<\/div>\n\t\t\t\t<\/div>\n\t\t<div class=\"elementor-element elementor-element-377af4a e-con-full content-grid gap-y-5 e-flex e-con e-child\" data-id=\"377af4a\" data-element_type=\"container\">\n\t\t\t\t<div class=\"elementor-element elementor-element-828c366 grid-full-width filter elementor-widget elementor-widget-taxonomy-filter\" data-id=\"828c366\" data-element_type=\"widget\" data-settings=\"{&quot;selected_element&quot;:&quot;b525bc8&quot;,&quot;taxonomy&quot;:&quot;sightseeing-category&quot;,&quot;item_alignment_horizontal&quot;:&quot;start&quot;,&quot;horizontal_scroll&quot;:&quot;enable&quot;,&quot;multiple_selection&quot;:&quot;no&quot;}\" data-widget_type=\"taxonomy-filter.default\">\n\t\t\t\t<div class=\"elementor-widget-container\">\n\t\t\t\t\t\t\t<search class=\"e-filter\" role=\"search\" data-base-url=\"https:\/\/www.hotelamadeus.at\/it\/\" data-page-num=\"1\">\n\t\t\t\t\t\t\t<button class=\"e-filter-item\" data-filter=\"cultura\" aria-pressed=\"false\">Cultura<\/button>\n\t\t\t\t\t\t\t<button class=\"e-filter-item\" data-filter=\"destinazioni\" aria-pressed=\"false\">Destinazioni<\/button>\n\t\t\t\t\t\t\t<button class=\"e-filter-item\" data-filter=\"esperienze\" aria-pressed=\"false\">Esperienze<\/button>\n\t\t\t\t\t\t\t<button class=\"e-filter-item\" data-filter=\"sport-it-2\" aria-pressed=\"false\">Sport<\/button>\n\t\t\t\t\t\t\t<button class=\"e-filter-item\" data-filter=\"visite-turistiche\" aria-pressed=\"false\">Visite turistiche<\/button>\n\t\t\t\n\t\t\t\t\t\t\t\t\t<button class=\"e-filter-item\" data-filter=\"__all\" aria-pressed=\"true\">\n\t\t\t\tTutti\t\t\t<\/button>\n\t\t\t\t\t<\/search>\n\t\t\t\t\t\t<\/div>\n\t\t\t\t<\/div>\n\t\t\t\t<div class=\"elementor-element elementor-element-b525bc8 elementor-grid-4 elementor-grid-tablet_extra-3 sightseeing-grid elementor-grid-tablet-2 elementor-grid-mobile-1 elementor-widget elementor-widget-loop-grid\" data-id=\"b525bc8\" data-element_type=\"widget\" data-settings=\"{&quot;template_id&quot;:1782,&quot;columns&quot;:4,&quot;columns_tablet_extra&quot;:3,&quot;_skin&quot;:&quot;post&quot;,&quot;columns_tablet&quot;:&quot;2&quot;,&quot;columns_mobile&quot;:&quot;1&quot;,&quot;edit_handle_selector&quot;:&quot;[data-elementor-type=\\&quot;loop-item\\&quot;]&quot;,&quot;row_gap&quot;:{&quot;unit&quot;:&quot;px&quot;,&quot;size&quot;:&quot;&quot;,&quot;sizes&quot;:[]},&quot;row_gap_tablet_extra&quot;:{&quot;unit&quot;:&quot;px&quot;,&quot;size&quot;:&quot;&quot;,&quot;sizes&quot;:[]},&quot;row_gap_tablet&quot;:{&quot;unit&quot;:&quot;px&quot;,&quot;size&quot;:&quot;&quot;,&quot;sizes&quot;:[]},&quot;row_gap_mobile&quot;:{&quot;unit&quot;:&quot;px&quot;,&quot;size&quot;:&quot;&quot;,&quot;sizes&quot;:[]}}\" data-widget_type=\"loop-grid.post\">\n\t\t\t\t<div class=\"elementor-widget-container\">\n\t\t\t\t\t\t\t<div class=\"elementor-loop-container elementor-grid\" role=\"list\">\n\t\t<style id=\"loop-1782\">.elementor-1782 .elementor-element.elementor-element-2f508d2{--display:flex;--flex-direction:column;--container-widget-width:100%;--container-widget-height:initial;--container-widget-flex-grow:0;--container-widget-align-self:initial;--flex-wrap-mobile:wrap;}<\/style>\t\t<div data-elementor-type=\"loop-item\" data-elementor-id=\"1782\" class=\"elementor elementor-1782 elementor-1114 elementor-1114 e-loop-item e-loop-item-2735 post-2735 sehenswertes type-sehenswertes status-publish has-post-thumbnail hentry sightseeing-category-cultura sightseeing-category-destinazioni sightseeing-category-esperienze sightseeing-category-sport-it-2 sightseeing-category-visite-turistiche\" data-elementor-post-type=\"elementor_library\" data-custom-edit-handle=\"1\">\n\t\t\t<a class=\"elementor-element elementor-element-2f508d2 e-flex e-con-boxed e-con e-parent\" data-id=\"2f508d2\" data-element_type=\"container\" href=\"https:\/\/www.hotelamadeus.at\/it\/luoghi-di-interesse\/vacanze-in-austria\/\">\n\t\t\t\t\t<div class=\"e-con-inner\">\n\t\t\t\t<div class=\"elementor-element elementor-element-aae553e ratio-11 mb-3 elementor-widget elementor-widget-theme-post-featured-image elementor-widget-image\" data-id=\"aae553e\" data-element_type=\"widget\" data-widget_type=\"theme-post-featured-image.default\">\n\t\t\t\t<div class=\"elementor-widget-container\">\n\t\t\t\t\t\t\t\t\t\t\t\t\t\t\t<img fetchpriority=\"high\" decoding=\"async\" width=\"2560\" height=\"1706\" src=\"https:\/\/www.hotelamadeus.at\/content\/uploads\/bergpanorama-im-salzburger-land.jpg\" class=\"attachment-full size-full wp-image-3017\" alt=\"Panorama montano nel Salisburghese con splendide vedute alpine.\" srcset=\"https:\/\/www.hotelamadeus.at\/content\/uploads\/bergpanorama-im-salzburger-land.jpg 2560w, https:\/\/www.hotelamadeus.at\/content\/uploads\/bergpanorama-im-salzburger-land-300x200.jpg 300w, https:\/\/www.hotelamadeus.at\/content\/uploads\/bergpanorama-im-salzburger-land-1024x682.jpg 1024w, https:\/\/www.hotelamadeus.at\/content\/uploads\/bergpanorama-im-salzburger-land-768x512.jpg 768w, https:\/\/www.hotelamadeus.at\/content\/uploads\/bergpanorama-im-salzburger-land-1536x1024.jpg 1536w, https:\/\/www.hotelamadeus.at\/content\/uploads\/bergpanorama-im-salzburger-land-2048x1365.jpg 2048w\" sizes=\"(max-width: 2560px) 100vw, 2560px\" \/>\t\t\t\t\t\t\t\t\t\t\t\t\t\t\t<\/div>\n\t\t\t\t<\/div>\n\t\t\t\t<div class=\"elementor-element elementor-element-50e81f1 font-size-2xl mb-0 mb-1 elementor-widget elementor-widget-theme-post-title elementor-page-title elementor-widget-heading\" data-id=\"50e81f1\" data-element_type=\"widget\" data-widget_type=\"theme-post-title.default\">\n\t\t\t\t<div class=\"elementor-widget-container\">\n\t\t\t\t\t<h2 class=\"elementor-heading-title elementor-size-default\">Vacanze in Austria<\/h2>\t\t\t\t<\/div>\n\t\t\t\t<\/div>\n\t\t\t\t<div class=\"elementor-element elementor-element-2bd499a font-size-base elementor-widget elementor-widget-heading\" data-id=\"2bd499a\" data-element_type=\"widget\" data-widget_type=\"heading.default\">\n\t\t\t\t<div class=\"elementor-widget-container\">\n\t\t\t\t\t<p class=\"elementor-heading-title elementor-size-default\">Scopri la citt\u00e0 di Mozart, fai escursioni sulle Alpi e goditi l'ampia offerta di attivit\u00e0 per il tempo libero: un vero paradiso per ogni viaggiatore!<\/p>\t\t\t\t<\/div>\n\t\t\t\t<\/div>\n\t\t\t\t\t<\/div>\n\t\t\t\t<\/a>\n\t\t\t\t<\/div>\n\t\t\t\t<div data-elementor-type=\"loop-item\" data-elementor-id=\"1782\" class=\"elementor elementor-1782 elementor-1114 elementor-1114 e-loop-item e-loop-item-2733 post-2733 sehenswertes type-sehenswertes status-publish has-post-thumbnail hentry sightseeing-category-cultura\" data-elementor-post-type=\"elementor_library\" data-custom-edit-handle=\"1\">\n\t\t\t<a class=\"elementor-element elementor-element-2f508d2 e-flex e-con-boxed e-con e-parent\" data-id=\"2f508d2\" data-element_type=\"container\" href=\"https:\/\/www.hotelamadeus.at\/it\/luoghi-di-interesse\/quartiere-del-duomo-di-salisburgo\/\">\n\t\t\t\t\t<div class=\"e-con-inner\">\n\t\t\t\t<div class=\"elementor-element elementor-element-aae553e ratio-11 mb-3 elementor-widget elementor-widget-theme-post-featured-image elementor-widget-image\" data-id=\"aae553e\" data-element_type=\"widget\" data-widget_type=\"theme-post-featured-image.default\">\n\t\t\t\t<div class=\"elementor-widget-container\">\n\t\t\t\t\t\t\t\t\t\t\t\t\t\t\t<img decoding=\"async\" width=\"2560\" height=\"1706\" src=\"https:\/\/www.hotelamadeus.at\/content\/uploads\/museum-domquartier-in-salzburg-stadt.jpg\" class=\"attachment-full size-full wp-image-3002\" alt=\"Museo DomQuartier nel centro storico di Salisburgo \u2013 arte, storia e architettura.\" srcset=\"https:\/\/www.hotelamadeus.at\/content\/uploads\/museum-domquartier-in-salzburg-stadt.jpg 2560w, https:\/\/www.hotelamadeus.at\/content\/uploads\/museum-domquartier-in-salzburg-stadt-300x200.jpg 300w, https:\/\/www.hotelamadeus.at\/content\/uploads\/museum-domquartier-in-salzburg-stadt-1024x682.jpg 1024w, https:\/\/www.hotelamadeus.at\/content\/uploads\/museum-domquartier-in-salzburg-stadt-768x512.jpg 768w, https:\/\/www.hotelamadeus.at\/content\/uploads\/museum-domquartier-in-salzburg-stadt-1536x1024.jpg 1536w, https:\/\/www.hotelamadeus.at\/content\/uploads\/museum-domquartier-in-salzburg-stadt-2048x1365.jpg 2048w\" sizes=\"(max-width: 2560px) 100vw, 2560px\" \/>\t\t\t\t\t\t\t\t\t\t\t\t\t\t\t<\/div>\n\t\t\t\t<\/div>\n\t\t\t\t<div class=\"elementor-element elementor-element-50e81f1 font-size-2xl mb-0 mb-1 elementor-widget elementor-widget-theme-post-title elementor-page-title elementor-widget-heading\" data-id=\"50e81f1\" data-element_type=\"widget\" data-widget_type=\"theme-post-title.default\">\n\t\t\t\t<div class=\"elementor-widget-container\">\n\t\t\t\t\t<h2 class=\"elementor-heading-title elementor-size-default\">Quartiere del Duomo di Salisburgo<\/h2>\t\t\t\t<\/div>\n\t\t\t\t<\/div>\n\t\t\t\t<div class=\"elementor-element elementor-element-2bd499a font-size-base elementor-widget elementor-widget-heading\" data-id=\"2bd499a\" data-element_type=\"widget\" data-widget_type=\"heading.default\">\n\t\t\t\t<div class=\"elementor-widget-container\">\n\t\t\t\t\t<p class=\"elementor-heading-title elementor-size-default\">Con le sue collezioni d'arte, le sale barocche e la vista sulla Cattedrale di Salisburgo, \u00e8 un must per gli amanti della cultura!<\/p>\t\t\t\t<\/div>\n\t\t\t\t<\/div>\n\t\t\t\t\t<\/div>\n\t\t\t\t<\/a>\n\t\t\t\t<\/div>\n\t\t\t\t<div data-elementor-type=\"loop-item\" data-elementor-id=\"1782\" class=\"elementor elementor-1782 elementor-1114 elementor-1114 e-loop-item e-loop-item-2731 post-2731 sehenswertes type-sehenswertes status-publish has-post-thumbnail hentry sightseeing-category-esperienze sightseeing-category-sport-it-2\" data-elementor-post-type=\"elementor_library\" data-custom-edit-handle=\"1\">\n\t\t\t<a class=\"elementor-element elementor-element-2f508d2 e-flex e-con-boxed e-con e-parent\" data-id=\"2f508d2\" data-element_type=\"container\" href=\"https:\/\/www.hotelamadeus.at\/it\/luoghi-di-interesse\/esperienze-allaperto-a-salisburgo\/\">\n\t\t\t\t\t<div class=\"e-con-inner\">\n\t\t\t\t<div class=\"elementor-element elementor-element-aae553e ratio-11 mb-3 elementor-widget elementor-widget-theme-post-featured-image elementor-widget-image\" data-id=\"aae553e\" data-element_type=\"widget\" data-widget_type=\"theme-post-featured-image.default\">\n\t\t\t\t<div class=\"elementor-widget-container\">\n\t\t\t\t\t\t\t\t\t\t\t\t\t\t\t<img decoding=\"async\" width=\"2000\" height=\"1334\" src=\"https:\/\/www.hotelamadeus.at\/content\/uploads\/joggen-durch-stadt-salzburg.jpg\" class=\"attachment-full size-full wp-image-3147\" alt=\"Jogging through Salzburg \u2013 active moments with views of history and nature.\" srcset=\"https:\/\/www.hotelamadeus.at\/content\/uploads\/joggen-durch-stadt-salzburg.jpg 2000w, https:\/\/www.hotelamadeus.at\/content\/uploads\/joggen-durch-stadt-salzburg-300x200.jpg 300w, https:\/\/www.hotelamadeus.at\/content\/uploads\/joggen-durch-stadt-salzburg-1024x683.jpg 1024w, https:\/\/www.hotelamadeus.at\/content\/uploads\/joggen-durch-stadt-salzburg-768x512.jpg 768w, https:\/\/www.hotelamadeus.at\/content\/uploads\/joggen-durch-stadt-salzburg-1536x1025.jpg 1536w\" sizes=\"(max-width: 2000px) 100vw, 2000px\" \/>\t\t\t\t\t\t\t\t\t\t\t\t\t\t\t<\/div>\n\t\t\t\t<\/div>\n\t\t\t\t<div class=\"elementor-element elementor-element-50e81f1 font-size-2xl mb-0 mb-1 elementor-widget elementor-widget-theme-post-title elementor-page-title elementor-widget-heading\" data-id=\"50e81f1\" data-element_type=\"widget\" data-widget_type=\"theme-post-title.default\">\n\t\t\t\t<div class=\"elementor-widget-container\">\n\t\t\t\t\t<h2 class=\"elementor-heading-title elementor-size-default\">Esperienze all&#8217;aperto a Salisburgo<\/h2>\t\t\t\t<\/div>\n\t\t\t\t<\/div>\n\t\t\t\t<div class=\"elementor-element elementor-element-2bd499a font-size-base elementor-widget elementor-widget-heading\" data-id=\"2bd499a\" data-element_type=\"widget\" data-widget_type=\"heading.default\">\n\t\t\t\t<div class=\"elementor-widget-container\">\n\t\t\t\t\t<p class=\"elementor-heading-title elementor-size-default\">Vivi la natura mozzafiato del Salisburghese con emozionanti attivit\u00e0 all'aperto. Che si tratti di escursionismo, ciclismo o arrampicata, nelle Alpi ti aspettano avventure indimenticabili! <\/p>\t\t\t\t<\/div>\n\t\t\t\t<\/div>\n\t\t\t\t\t<\/div>\n\t\t\t\t<\/a>\n\t\t\t\t<\/div>\n\t\t\t\t<div data-elementor-type=\"loop-item\" data-elementor-id=\"1782\" class=\"elementor elementor-1782 elementor-1114 elementor-1114 e-loop-item e-loop-item-2729 post-2729 sehenswertes type-sehenswertes status-publish has-post-thumbnail hentry sightseeing-category-cultura\" data-elementor-post-type=\"elementor_library\" data-custom-edit-handle=\"1\">\n\t\t\t<a class=\"elementor-element elementor-element-2f508d2 e-flex e-con-boxed e-con e-parent\" data-id=\"2f508d2\" data-element_type=\"container\" href=\"https:\/\/www.hotelamadeus.at\/it\/luoghi-di-interesse\/cena-spettacolo-il-suono-di-salisburgo\/\">\n\t\t\t\t\t<div class=\"e-con-inner\">\n\t\t\t\t<div class=\"elementor-element elementor-element-aae553e ratio-11 mb-3 elementor-widget elementor-widget-theme-post-featured-image elementor-widget-image\" data-id=\"aae553e\" data-element_type=\"widget\" data-widget_type=\"theme-post-featured-image.default\">\n\t\t\t\t<div class=\"elementor-widget-container\">\n\t\t\t\t\t\t\t\t\t\t\t\t\t\t\t<img loading=\"lazy\" decoding=\"async\" width=\"2560\" height=\"2301\" src=\"https:\/\/www.hotelamadeus.at\/content\/uploads\/sound-of-music-dinner-party-salzburg.jpg\" class=\"attachment-full size-full wp-image-3026\" alt=\"Sound of Music Dinner Party in Salzburg \u2013 musikalischer Abend mit Kulinarik.\" srcset=\"https:\/\/www.hotelamadeus.at\/content\/uploads\/sound-of-music-dinner-party-salzburg.jpg 2560w, https:\/\/www.hotelamadeus.at\/content\/uploads\/sound-of-music-dinner-party-salzburg-300x270.jpg 300w, https:\/\/www.hotelamadeus.at\/content\/uploads\/sound-of-music-dinner-party-salzburg-1024x920.jpg 1024w, https:\/\/www.hotelamadeus.at\/content\/uploads\/sound-of-music-dinner-party-salzburg-768x690.jpg 768w, https:\/\/www.hotelamadeus.at\/content\/uploads\/sound-of-music-dinner-party-salzburg-1536x1381.jpg 1536w, https:\/\/www.hotelamadeus.at\/content\/uploads\/sound-of-music-dinner-party-salzburg-2048x1841.jpg 2048w\" sizes=\"(max-width: 2560px) 100vw, 2560px\" \/>\t\t\t\t\t\t\t\t\t\t\t\t\t\t\t<\/div>\n\t\t\t\t<\/div>\n\t\t\t\t<div class=\"elementor-element elementor-element-50e81f1 font-size-2xl mb-0 mb-1 elementor-widget elementor-widget-theme-post-title elementor-page-title elementor-widget-heading\" data-id=\"50e81f1\" data-element_type=\"widget\" data-widget_type=\"theme-post-title.default\">\n\t\t\t\t<div class=\"elementor-widget-container\">\n\t\t\t\t\t<h2 class=\"elementor-heading-title elementor-size-default\">Cena spettacolo &#8220;Il suono di Salisburgo<\/h2>\t\t\t\t<\/div>\n\t\t\t\t<\/div>\n\t\t\t\t<div class=\"elementor-element elementor-element-2bd499a font-size-base elementor-widget elementor-widget-heading\" data-id=\"2bd499a\" data-element_type=\"widget\" data-widget_type=\"heading.default\">\n\t\t\t\t<div class=\"elementor-widget-container\">\n\t\t\t\t\t<p class=\"elementor-heading-title elementor-size-default\">Assapora un men\u00f9 delizioso accompagnato da musiche entusiasmanti di Mozart e altre melodie famose: una festa per tutti i sensi!<\/p>\t\t\t\t<\/div>\n\t\t\t\t<\/div>\n\t\t\t\t\t<\/div>\n\t\t\t\t<\/a>\n\t\t\t\t<\/div>\n\t\t\t\t<div data-elementor-type=\"loop-item\" data-elementor-id=\"1782\" class=\"elementor elementor-1782 elementor-1114 elementor-1114 e-loop-item e-loop-item-2727 post-2727 sehenswertes type-sehenswertes status-publish has-post-thumbnail hentry sightseeing-category-cultura sightseeing-category-esperienze\" data-elementor-post-type=\"elementor_library\" data-custom-edit-handle=\"1\">\n\t\t\t<a class=\"elementor-element elementor-element-2f508d2 e-flex e-con-boxed e-con e-parent\" data-id=\"2f508d2\" data-element_type=\"container\" href=\"https:\/\/www.hotelamadeus.at\/it\/luoghi-di-interesse\/festival-del-raccolto-di-salisburgo\/\">\n\t\t\t\t\t<div class=\"e-con-inner\">\n\t\t\t\t<div class=\"elementor-element elementor-element-aae553e ratio-11 mb-3 elementor-widget elementor-widget-theme-post-featured-image elementor-widget-image\" data-id=\"aae553e\" data-element_type=\"widget\" data-widget_type=\"theme-post-featured-image.default\">\n\t\t\t\t<div class=\"elementor-widget-container\">\n\t\t\t\t\t\t\t\t\t\t\t\t\t\t\t<img loading=\"lazy\" decoding=\"async\" width=\"2560\" height=\"1588\" src=\"https:\/\/www.hotelamadeus.at\/content\/uploads\/bauernherbst-im-salzburger-land.jpg\" class=\"attachment-full size-full wp-image-3111\" alt=\"Festa del raccolto nel Salisburghese \u2013 tradizione e gusto rurale.\" srcset=\"https:\/\/www.hotelamadeus.at\/content\/uploads\/bauernherbst-im-salzburger-land.jpg 2560w, https:\/\/www.hotelamadeus.at\/content\/uploads\/bauernherbst-im-salzburger-land-300x186.jpg 300w, https:\/\/www.hotelamadeus.at\/content\/uploads\/bauernherbst-im-salzburger-land-1024x635.jpg 1024w, https:\/\/www.hotelamadeus.at\/content\/uploads\/bauernherbst-im-salzburger-land-768x476.jpg 768w, https:\/\/www.hotelamadeus.at\/content\/uploads\/bauernherbst-im-salzburger-land-1536x953.jpg 1536w, https:\/\/www.hotelamadeus.at\/content\/uploads\/bauernherbst-im-salzburger-land-2048x1270.jpg 2048w\" sizes=\"(max-width: 2560px) 100vw, 2560px\" \/>\t\t\t\t\t\t\t\t\t\t\t\t\t\t\t<\/div>\n\t\t\t\t<\/div>\n\t\t\t\t<div class=\"elementor-element elementor-element-50e81f1 font-size-2xl mb-0 mb-1 elementor-widget elementor-widget-theme-post-title elementor-page-title elementor-widget-heading\" data-id=\"50e81f1\" data-element_type=\"widget\" data-widget_type=\"theme-post-title.default\">\n\t\t\t\t<div class=\"elementor-widget-container\">\n\t\t\t\t\t<h2 class=\"elementor-heading-title elementor-size-default\">Festival del raccolto di Salisburgo<\/h2>\t\t\t\t<\/div>\n\t\t\t\t<\/div>\n\t\t\t\t<div class=\"elementor-element elementor-element-2bd499a font-size-base elementor-widget elementor-widget-heading\" data-id=\"2bd499a\" data-element_type=\"widget\" data-widget_type=\"heading.default\">\n\t\t\t\t<div class=\"elementor-widget-container\">\n\t\t\t\t\t<p class=\"elementor-heading-title elementor-size-default\">Festeggia l'autunno a Salisburgo con festival tradizionali, specialit\u00e0 regionali e musica alpina. Un'esperienza autentica che celebra la cultura e la natura della regione! <\/p>\t\t\t\t<\/div>\n\t\t\t\t<\/div>\n\t\t\t\t\t<\/div>\n\t\t\t\t<\/a>\n\t\t\t\t<\/div>\n\t\t\t\t<div data-elementor-type=\"loop-item\" data-elementor-id=\"1782\" class=\"elementor elementor-1782 elementor-1114 elementor-1114 e-loop-item e-loop-item-2725 post-2725 sehenswertes type-sehenswertes status-publish has-post-thumbnail hentry sightseeing-category-cultura\" data-elementor-post-type=\"elementor_library\" data-custom-edit-handle=\"1\">\n\t\t\t<a class=\"elementor-element elementor-element-2f508d2 e-flex e-con-boxed e-con e-parent\" data-id=\"2f508d2\" data-element_type=\"container\" href=\"https:\/\/www.hotelamadeus.at\/it\/luoghi-di-interesse\/concerti-al-palazzo-di-salisburgo\/\">\n\t\t\t\t\t<div class=\"e-con-inner\">\n\t\t\t\t<div class=\"elementor-element elementor-element-aae553e ratio-11 mb-3 elementor-widget elementor-widget-theme-post-featured-image elementor-widget-image\" data-id=\"aae553e\" data-element_type=\"widget\" data-widget_type=\"theme-post-featured-image.default\">\n\t\t\t\t<div class=\"elementor-widget-container\">\n\t\t\t\t\t\t\t\t\t\t\t\t\t\t\t<img loading=\"lazy\" decoding=\"async\" width=\"1840\" height=\"920\" src=\"https:\/\/www.hotelamadeus.at\/content\/uploads\/Ensemble-der-salzburger-schlosskonzerte.jpg\" class=\"attachment-full size-full wp-image-3144\" alt=\"Ensemble dei concerti al castello di Salisburgo \u2013 capolavori musicali dal vivo.\" srcset=\"https:\/\/www.hotelamadeus.at\/content\/uploads\/Ensemble-der-salzburger-schlosskonzerte.jpg 1840w, https:\/\/www.hotelamadeus.at\/content\/uploads\/Ensemble-der-salzburger-schlosskonzerte-300x150.jpg 300w, https:\/\/www.hotelamadeus.at\/content\/uploads\/Ensemble-der-salzburger-schlosskonzerte-1024x512.jpg 1024w, https:\/\/www.hotelamadeus.at\/content\/uploads\/Ensemble-der-salzburger-schlosskonzerte-768x384.jpg 768w, https:\/\/www.hotelamadeus.at\/content\/uploads\/Ensemble-der-salzburger-schlosskonzerte-1536x768.jpg 1536w\" sizes=\"(max-width: 1840px) 100vw, 1840px\" \/>\t\t\t\t\t\t\t\t\t\t\t\t\t\t\t<\/div>\n\t\t\t\t<\/div>\n\t\t\t\t<div class=\"elementor-element elementor-element-50e81f1 font-size-2xl mb-0 mb-1 elementor-widget elementor-widget-theme-post-title elementor-page-title elementor-widget-heading\" data-id=\"50e81f1\" data-element_type=\"widget\" data-widget_type=\"theme-post-title.default\">\n\t\t\t\t<div class=\"elementor-widget-container\">\n\t\t\t\t\t<h2 class=\"elementor-heading-title elementor-size-default\">Concerti al Palazzo di Salisburgo<\/h2>\t\t\t\t<\/div>\n\t\t\t\t<\/div>\n\t\t\t\t<div class=\"elementor-element elementor-element-2bd499a font-size-base elementor-widget elementor-widget-heading\" data-id=\"2bd499a\" data-element_type=\"widget\" data-widget_type=\"heading.default\">\n\t\t\t\t<div class=\"elementor-widget-container\">\n\t\t\t\t\t<p class=\"elementor-heading-title elementor-size-default\">Goditi gli squisiti concerti nella magnifica atmosfera del Palazzo di Salisburgo. Un evento musicale da non perdere nella citt\u00e0 della musica! <\/p>\t\t\t\t<\/div>\n\t\t\t\t<\/div>\n\t\t\t\t\t<\/div>\n\t\t\t\t<\/a>\n\t\t\t\t<\/div>\n\t\t\t\t<div data-elementor-type=\"loop-item\" data-elementor-id=\"1782\" class=\"elementor elementor-1782 elementor-1114 elementor-1114 e-loop-item e-loop-item-2723 post-2723 sehenswertes type-sehenswertes status-publish has-post-thumbnail hentry sightseeing-category-esperienze\" data-elementor-post-type=\"elementor_library\" data-custom-edit-handle=\"1\">\n\t\t\t<a class=\"elementor-element elementor-element-2f508d2 e-flex e-con-boxed e-con e-parent\" data-id=\"2f508d2\" data-element_type=\"container\" href=\"https:\/\/www.hotelamadeus.at\/it\/luoghi-di-interesse\/teatro-delle-marionette-di-salisburgo\/\">\n\t\t\t\t\t<div class=\"e-con-inner\">\n\t\t\t\t<div class=\"elementor-element elementor-element-aae553e ratio-11 mb-3 elementor-widget elementor-widget-theme-post-featured-image elementor-widget-image\" data-id=\"aae553e\" data-element_type=\"widget\" data-widget_type=\"theme-post-featured-image.default\">\n\t\t\t\t<div class=\"elementor-widget-container\">\n\t\t\t\t\t\t\t\t\t\t\t\t\t\t\t<img loading=\"lazy\" decoding=\"async\" width=\"2560\" height=\"1706\" src=\"https:\/\/www.hotelamadeus.at\/content\/uploads\/salzburger-marionetten-theater.jpg\" class=\"attachment-full size-full wp-image-2993\" alt=\"Teatro delle marionette di Salisburgo \u2013 spettacoli tradizionali pieni di fascino.\" srcset=\"https:\/\/www.hotelamadeus.at\/content\/uploads\/salzburger-marionetten-theater.jpg 2560w, https:\/\/www.hotelamadeus.at\/content\/uploads\/salzburger-marionetten-theater-300x200.jpg 300w, https:\/\/www.hotelamadeus.at\/content\/uploads\/salzburger-marionetten-theater-1024x682.jpg 1024w, https:\/\/www.hotelamadeus.at\/content\/uploads\/salzburger-marionetten-theater-768x512.jpg 768w, https:\/\/www.hotelamadeus.at\/content\/uploads\/salzburger-marionetten-theater-1536x1024.jpg 1536w, https:\/\/www.hotelamadeus.at\/content\/uploads\/salzburger-marionetten-theater-2048x1365.jpg 2048w\" sizes=\"(max-width: 2560px) 100vw, 2560px\" \/>\t\t\t\t\t\t\t\t\t\t\t\t\t\t\t<\/div>\n\t\t\t\t<\/div>\n\t\t\t\t<div class=\"elementor-element elementor-element-50e81f1 font-size-2xl mb-0 mb-1 elementor-widget elementor-widget-theme-post-title elementor-page-title elementor-widget-heading\" data-id=\"50e81f1\" data-element_type=\"widget\" data-widget_type=\"theme-post-title.default\">\n\t\t\t\t<div class=\"elementor-widget-container\">\n\t\t\t\t\t<h2 class=\"elementor-heading-title elementor-size-default\">Teatro delle marionette di Salisburgo<\/h2>\t\t\t\t<\/div>\n\t\t\t\t<\/div>\n\t\t\t\t<div class=\"elementor-element elementor-element-2bd499a font-size-base elementor-widget elementor-widget-heading\" data-id=\"2bd499a\" data-element_type=\"widget\" data-widget_type=\"heading.default\">\n\t\t\t\t<div class=\"elementor-widget-container\">\n\t\t\t\t\t<p class=\"elementor-heading-title elementor-size-default\">Scopri gli affascinanti spettacoli di teatro delle marionette del rinomato Teatro delle Marionette di Salisburgo. Un'esperienza unica per grandi e piccini! <\/p>\t\t\t\t<\/div>\n\t\t\t\t<\/div>\n\t\t\t\t\t<\/div>\n\t\t\t\t<\/a>\n\t\t\t\t<\/div>\n\t\t\t\t<div data-elementor-type=\"loop-item\" data-elementor-id=\"1782\" class=\"elementor elementor-1782 elementor-1114 elementor-1114 e-loop-item e-loop-item-2721 post-2721 sehenswertes type-sehenswertes status-publish has-post-thumbnail hentry sightseeing-category-visite-turistiche\" data-elementor-post-type=\"elementor_library\" data-custom-edit-handle=\"1\">\n\t\t\t<a class=\"elementor-element elementor-element-2f508d2 e-flex e-con-boxed e-con e-parent\" data-id=\"2f508d2\" data-element_type=\"container\" href=\"https:\/\/www.hotelamadeus.at\/it\/luoghi-di-interesse\/casa-di-mozart\/\">\n\t\t\t\t\t<div class=\"e-con-inner\">\n\t\t\t\t<div class=\"elementor-element elementor-element-aae553e ratio-11 mb-3 elementor-widget elementor-widget-theme-post-featured-image elementor-widget-image\" data-id=\"aae553e\" data-element_type=\"widget\" data-widget_type=\"theme-post-featured-image.default\">\n\t\t\t\t<div class=\"elementor-widget-container\">\n\t\t\t\t\t\t\t\t\t\t\t\t\t\t\t<img loading=\"lazy\" decoding=\"async\" width=\"1903\" height=\"792\" src=\"https:\/\/www.hotelamadeus.at\/content\/uploads\/aussenansicht-mozart-wohnhaus-salzburg.webp\" class=\"attachment-full size-full wp-image-3051\" alt=\"Vista esterna della casa di Mozart a Salisburgo con facciata gialla e architettura storica.\" srcset=\"https:\/\/www.hotelamadeus.at\/content\/uploads\/aussenansicht-mozart-wohnhaus-salzburg.webp 1903w, https:\/\/www.hotelamadeus.at\/content\/uploads\/aussenansicht-mozart-wohnhaus-salzburg-300x125.webp 300w, https:\/\/www.hotelamadeus.at\/content\/uploads\/aussenansicht-mozart-wohnhaus-salzburg-1024x426.webp 1024w, https:\/\/www.hotelamadeus.at\/content\/uploads\/aussenansicht-mozart-wohnhaus-salzburg-768x320.webp 768w, https:\/\/www.hotelamadeus.at\/content\/uploads\/aussenansicht-mozart-wohnhaus-salzburg-1536x639.webp 1536w\" sizes=\"(max-width: 1903px) 100vw, 1903px\" \/>\t\t\t\t\t\t\t\t\t\t\t\t\t\t\t<\/div>\n\t\t\t\t<\/div>\n\t\t\t\t<div class=\"elementor-element elementor-element-50e81f1 font-size-2xl mb-0 mb-1 elementor-widget elementor-widget-theme-post-title elementor-page-title elementor-widget-heading\" data-id=\"50e81f1\" data-element_type=\"widget\" data-widget_type=\"theme-post-title.default\">\n\t\t\t\t<div class=\"elementor-widget-container\">\n\t\t\t\t\t<h2 class=\"elementor-heading-title elementor-size-default\">Casa di Mozart<\/h2>\t\t\t\t<\/div>\n\t\t\t\t<\/div>\n\t\t\t\t<div class=\"elementor-element elementor-element-2bd499a font-size-base elementor-widget elementor-widget-heading\" data-id=\"2bd499a\" data-element_type=\"widget\" data-widget_type=\"heading.default\">\n\t\t\t\t<div class=\"elementor-widget-container\">\n\t\t\t\t\t<p class=\"elementor-heading-title elementor-size-default\">Scopri le emozionanti mostre e immergiti nel mondo di uno dei pi\u00f9 grandi compositori di tutti i tempi!<\/p>\t\t\t\t<\/div>\n\t\t\t\t<\/div>\n\t\t\t\t\t<\/div>\n\t\t\t\t<\/a>\n\t\t\t\t<\/div>\n\t\t\t\t<div data-elementor-type=\"loop-item\" data-elementor-id=\"1782\" class=\"elementor elementor-1782 elementor-1114 elementor-1114 e-loop-item e-loop-item-2719 post-2719 sehenswertes type-sehenswertes status-publish has-post-thumbnail hentry sightseeing-category-cultura sightseeing-category-sport-it-2\" data-elementor-post-type=\"elementor_library\" data-custom-edit-handle=\"1\">\n\t\t\t<a class=\"elementor-element elementor-element-2f508d2 e-flex e-con-boxed e-con e-parent\" data-id=\"2f508d2\" data-element_type=\"container\" href=\"https:\/\/www.hotelamadeus.at\/it\/luoghi-di-interesse\/pasqua-a-salisburgo\/\">\n\t\t\t\t\t<div class=\"e-con-inner\">\n\t\t\t\t<div class=\"elementor-element elementor-element-aae553e ratio-11 mb-3 elementor-widget elementor-widget-theme-post-featured-image elementor-widget-image\" data-id=\"aae553e\" data-element_type=\"widget\" data-widget_type=\"theme-post-featured-image.default\">\n\t\t\t\t<div class=\"elementor-widget-container\">\n\t\t\t\t\t\t\t\t\t\t\t\t\t\t\t<img loading=\"lazy\" decoding=\"async\" width=\"2560\" height=\"1439\" src=\"https:\/\/www.hotelamadeus.at\/content\/uploads\/Oster-Traditionen-in-salzburg.jpg\" class=\"attachment-full size-full wp-image-3032\" alt=\"Tradizioni pasquali a Salisburgo \u2013 mercatini colorati e usanze locali.\" srcset=\"https:\/\/www.hotelamadeus.at\/content\/uploads\/Oster-Traditionen-in-salzburg.jpg 2560w, https:\/\/www.hotelamadeus.at\/content\/uploads\/Oster-Traditionen-in-salzburg-300x169.jpg 300w, https:\/\/www.hotelamadeus.at\/content\/uploads\/Oster-Traditionen-in-salzburg-1024x576.jpg 1024w, https:\/\/www.hotelamadeus.at\/content\/uploads\/Oster-Traditionen-in-salzburg-768x432.jpg 768w, https:\/\/www.hotelamadeus.at\/content\/uploads\/Oster-Traditionen-in-salzburg-1536x863.jpg 1536w, https:\/\/www.hotelamadeus.at\/content\/uploads\/Oster-Traditionen-in-salzburg-2048x1151.jpg 2048w\" sizes=\"(max-width: 2560px) 100vw, 2560px\" \/>\t\t\t\t\t\t\t\t\t\t\t\t\t\t\t<\/div>\n\t\t\t\t<\/div>\n\t\t\t\t<div class=\"elementor-element elementor-element-50e81f1 font-size-2xl mb-0 mb-1 elementor-widget elementor-widget-theme-post-title elementor-page-title elementor-widget-heading\" data-id=\"50e81f1\" data-element_type=\"widget\" data-widget_type=\"theme-post-title.default\">\n\t\t\t\t<div class=\"elementor-widget-container\">\n\t\t\t\t\t<h2 class=\"elementor-heading-title elementor-size-default\">Pasqua a Salisburgo<\/h2>\t\t\t\t<\/div>\n\t\t\t\t<\/div>\n\t\t\t\t<div class=\"elementor-element elementor-element-2bd499a font-size-base elementor-widget elementor-widget-heading\" data-id=\"2bd499a\" data-element_type=\"widget\" data-widget_type=\"heading.default\">\n\t\t\t\t<div class=\"elementor-widget-container\">\n\t\t\t\t\t<p class=\"elementor-heading-title elementor-size-default\">Goditi l'atmosfera festosa della Pasqua a Salisburgo con le usanze tradizionali, i mercati festivi e l'impressionante scenario della citt\u00e0.<\/p>\t\t\t\t<\/div>\n\t\t\t\t<\/div>\n\t\t\t\t\t<\/div>\n\t\t\t\t<\/a>\n\t\t\t\t<\/div>\n\t\t\t\t<div data-elementor-type=\"loop-item\" data-elementor-id=\"1782\" class=\"elementor elementor-1782 elementor-1114 elementor-1114 e-loop-item e-loop-item-2715 post-2715 sehenswertes type-sehenswertes status-publish has-post-thumbnail hentry sightseeing-category-destinazioni\" data-elementor-post-type=\"elementor_library\" data-custom-edit-handle=\"1\">\n\t\t\t<a class=\"elementor-element elementor-element-2f508d2 e-flex e-con-boxed e-con e-parent\" data-id=\"2f508d2\" data-element_type=\"container\" href=\"https:\/\/www.hotelamadeus.at\/it\/luoghi-di-interesse\/castello-avventura-di-hohenwerfen\/\">\n\t\t\t\t\t<div class=\"e-con-inner\">\n\t\t\t\t<div class=\"elementor-element elementor-element-aae553e ratio-11 mb-3 elementor-widget elementor-widget-theme-post-featured-image elementor-widget-image\" data-id=\"aae553e\" data-element_type=\"widget\" data-widget_type=\"theme-post-featured-image.default\">\n\t\t\t\t<div class=\"elementor-widget-container\">\n\t\t\t\t\t\t\t\t\t\t\t\t\t\t\t<img loading=\"lazy\" decoding=\"async\" width=\"2560\" height=\"1705\" src=\"https:\/\/www.hotelamadeus.at\/content\/uploads\/festung-Hohenwerfen-bei-salzburg.jpg\" class=\"attachment-full size-full wp-image-3014\" alt=\"Fortezza di Hohenwerfen vicino a Salisburgo \u2013 castello medievale con vista.\" srcset=\"https:\/\/www.hotelamadeus.at\/content\/uploads\/festung-Hohenwerfen-bei-salzburg.jpg 2560w, https:\/\/www.hotelamadeus.at\/content\/uploads\/festung-Hohenwerfen-bei-salzburg-300x200.jpg 300w, https:\/\/www.hotelamadeus.at\/content\/uploads\/festung-Hohenwerfen-bei-salzburg-1024x682.jpg 1024w, https:\/\/www.hotelamadeus.at\/content\/uploads\/festung-Hohenwerfen-bei-salzburg-768x512.jpg 768w, https:\/\/www.hotelamadeus.at\/content\/uploads\/festung-Hohenwerfen-bei-salzburg-1536x1023.jpg 1536w, https:\/\/www.hotelamadeus.at\/content\/uploads\/festung-Hohenwerfen-bei-salzburg-2048x1364.jpg 2048w\" sizes=\"(max-width: 2560px) 100vw, 2560px\" \/>\t\t\t\t\t\t\t\t\t\t\t\t\t\t\t<\/div>\n\t\t\t\t<\/div>\n\t\t\t\t<div class=\"elementor-element elementor-element-50e81f1 font-size-2xl mb-0 mb-1 elementor-widget elementor-widget-theme-post-title elementor-page-title elementor-widget-heading\" data-id=\"50e81f1\" data-element_type=\"widget\" data-widget_type=\"theme-post-title.default\">\n\t\t\t\t<div class=\"elementor-widget-container\">\n\t\t\t\t\t<h2 class=\"elementor-heading-title elementor-size-default\">Castello avventura di Hohenwerfen<\/h2>\t\t\t\t<\/div>\n\t\t\t\t<\/div>\n\t\t\t\t<div class=\"elementor-element elementor-element-2bd499a font-size-base elementor-widget elementor-widget-heading\" data-id=\"2bd499a\" data-element_type=\"widget\" data-widget_type=\"heading.default\">\n\t\t\t\t<div class=\"elementor-widget-container\">\n\t\t\t\t\t<p class=\"elementor-heading-title elementor-size-default\">Scopri le impressionanti mostre, ammira lo spettacolo di volo dei rapaci e goditi una vista mozzafiato sulla Valle del Salzach.<\/p>\t\t\t\t<\/div>\n\t\t\t\t<\/div>\n\t\t\t\t\t<\/div>\n\t\t\t\t<\/a>\n\t\t\t\t<\/div>\n\t\t\t\t<div data-elementor-type=\"loop-item\" data-elementor-id=\"1782\" class=\"elementor elementor-1782 elementor-1114 elementor-1114 e-loop-item e-loop-item-2713 post-2713 sehenswertes type-sehenswertes status-publish has-post-thumbnail hentry sightseeing-category-destinazioni\" data-elementor-post-type=\"elementor_library\" data-custom-edit-handle=\"1\">\n\t\t\t<a class=\"elementor-element elementor-element-2f508d2 e-flex e-con-boxed e-con e-parent\" data-id=\"2f508d2\" data-element_type=\"container\" href=\"https:\/\/www.hotelamadeus.at\/it\/luoghi-di-interesse\/miniera-di-sale-di-hallein\/\">\n\t\t\t\t\t<div class=\"e-con-inner\">\n\t\t\t\t<div class=\"elementor-element elementor-element-aae553e ratio-11 mb-3 elementor-widget elementor-widget-theme-post-featured-image elementor-widget-image\" data-id=\"aae553e\" data-element_type=\"widget\" data-widget_type=\"theme-post-featured-image.default\">\n\t\t\t\t<div class=\"elementor-widget-container\">\n\t\t\t\t\t\t\t\t\t\t\t\t\t\t\t<img loading=\"lazy\" decoding=\"async\" width=\"2560\" height=\"1126\" src=\"https:\/\/www.hotelamadeus.at\/content\/uploads\/salzbergwelten-hallein-bei-salzburg.jpg\" class=\"attachment-full size-full wp-image-3029\" alt=\"Miniere di sale di Hallein vicino a Salisburgo \u2013 viaggio nella storia del sale.\" srcset=\"https:\/\/www.hotelamadeus.at\/content\/uploads\/salzbergwelten-hallein-bei-salzburg.jpg 2560w, https:\/\/www.hotelamadeus.at\/content\/uploads\/salzbergwelten-hallein-bei-salzburg-300x132.jpg 300w, https:\/\/www.hotelamadeus.at\/content\/uploads\/salzbergwelten-hallein-bei-salzburg-1024x450.jpg 1024w, https:\/\/www.hotelamadeus.at\/content\/uploads\/salzbergwelten-hallein-bei-salzburg-768x338.jpg 768w, https:\/\/www.hotelamadeus.at\/content\/uploads\/salzbergwelten-hallein-bei-salzburg-1536x676.jpg 1536w, https:\/\/www.hotelamadeus.at\/content\/uploads\/salzbergwelten-hallein-bei-salzburg-2048x901.jpg 2048w\" sizes=\"(max-width: 2560px) 100vw, 2560px\" \/>\t\t\t\t\t\t\t\t\t\t\t\t\t\t\t<\/div>\n\t\t\t\t<\/div>\n\t\t\t\t<div class=\"elementor-element elementor-element-50e81f1 font-size-2xl mb-0 mb-1 elementor-widget elementor-widget-theme-post-title elementor-page-title elementor-widget-heading\" data-id=\"50e81f1\" data-element_type=\"widget\" data-widget_type=\"theme-post-title.default\">\n\t\t\t\t<div class=\"elementor-widget-container\">\n\t\t\t\t\t<h2 class=\"elementor-heading-title elementor-size-default\">Miniera di sale di Hallein<\/h2>\t\t\t\t<\/div>\n\t\t\t\t<\/div>\n\t\t\t\t<div class=\"elementor-element elementor-element-2bd499a font-size-base elementor-widget elementor-widget-heading\" data-id=\"2bd499a\" data-element_type=\"widget\" data-widget_type=\"heading.default\">\n\t\t\t\t<div class=\"elementor-widget-container\">\n\t\t\t\t\t<p class=\"elementor-heading-title elementor-size-default\">Scopri la storia dell'estrazione del sale, scivola lungo lo scivolo nelle profondit\u00e0 della montagna e vivi un affascinante viaggio nel tempo nella \"culla del sale\"!<\/p>\t\t\t\t<\/div>\n\t\t\t\t<\/div>\n\t\t\t\t\t<\/div>\n\t\t\t\t<\/a>\n\t\t\t\t<\/div>\n\t\t\t\t<div data-elementor-type=\"loop-item\" data-elementor-id=\"1782\" class=\"elementor elementor-1782 elementor-1114 elementor-1114 e-loop-item e-loop-item-2711 post-2711 sehenswertes type-sehenswertes status-publish has-post-thumbnail hentry sightseeing-category-destinazioni\" data-elementor-post-type=\"elementor_library\" data-custom-edit-handle=\"1\">\n\t\t\t<a class=\"elementor-element elementor-element-2f508d2 e-flex e-con-boxed e-con e-parent\" data-id=\"2f508d2\" data-element_type=\"container\" href=\"https:\/\/www.hotelamadeus.at\/it\/luoghi-di-interesse\/museo-allaperto-a-grossgmain\/\">\n\t\t\t\t\t<div class=\"e-con-inner\">\n\t\t\t\t<div class=\"elementor-element elementor-element-aae553e ratio-11 mb-3 elementor-widget elementor-widget-theme-post-featured-image elementor-widget-image\" data-id=\"aae553e\" data-element_type=\"widget\" data-widget_type=\"theme-post-featured-image.default\">\n\t\t\t\t<div class=\"elementor-widget-container\">\n\t\t\t\t\t\t\t\t\t\t\t\t\t\t\t<img loading=\"lazy\" decoding=\"async\" width=\"2560\" height=\"1706\" src=\"https:\/\/www.hotelamadeus.at\/content\/uploads\/freilichtmuseum-salzburg-historischer-hof.jpg\" class=\"attachment-full size-full wp-image-3063\" alt=\"Fattoria storica al museo all\u2019aperto di Salisburgo \u2013 tradizione contadina.\" srcset=\"https:\/\/www.hotelamadeus.at\/content\/uploads\/freilichtmuseum-salzburg-historischer-hof.jpg 2560w, https:\/\/www.hotelamadeus.at\/content\/uploads\/freilichtmuseum-salzburg-historischer-hof-300x200.jpg 300w, https:\/\/www.hotelamadeus.at\/content\/uploads\/freilichtmuseum-salzburg-historischer-hof-1024x682.jpg 1024w, https:\/\/www.hotelamadeus.at\/content\/uploads\/freilichtmuseum-salzburg-historischer-hof-768x512.jpg 768w, https:\/\/www.hotelamadeus.at\/content\/uploads\/freilichtmuseum-salzburg-historischer-hof-1536x1024.jpg 1536w, https:\/\/www.hotelamadeus.at\/content\/uploads\/freilichtmuseum-salzburg-historischer-hof-2048x1365.jpg 2048w\" sizes=\"(max-width: 2560px) 100vw, 2560px\" \/>\t\t\t\t\t\t\t\t\t\t\t\t\t\t\t<\/div>\n\t\t\t\t<\/div>\n\t\t\t\t<div class=\"elementor-element elementor-element-50e81f1 font-size-2xl mb-0 mb-1 elementor-widget elementor-widget-theme-post-title elementor-page-title elementor-widget-heading\" data-id=\"50e81f1\" data-element_type=\"widget\" data-widget_type=\"theme-post-title.default\">\n\t\t\t\t<div class=\"elementor-widget-container\">\n\t\t\t\t\t<h2 class=\"elementor-heading-title elementor-size-default\">Museo all&#8217;aperto a Gro\u00dfgmain<\/h2>\t\t\t\t<\/div>\n\t\t\t\t<\/div>\n\t\t\t\t<div class=\"elementor-element elementor-element-2bd499a font-size-base elementor-widget elementor-widget-heading\" data-id=\"2bd499a\" data-element_type=\"widget\" data-widget_type=\"heading.default\">\n\t\t\t\t<div class=\"elementor-widget-container\">\n\t\t\t\t\t<p class=\"elementor-heading-title elementor-size-default\">Scopri le antiche fattorie, le attivit\u00e0 artigianali e gli stili di vita tradizionali che ti offrono un'affascinante visione della vita rurale dei secoli passati.<\/p>\t\t\t\t<\/div>\n\t\t\t\t<\/div>\n\t\t\t\t\t<\/div>\n\t\t\t\t<\/a>\n\t\t\t\t<\/div>\n\t\t\t\t<div data-elementor-type=\"loop-item\" data-elementor-id=\"1782\" class=\"elementor elementor-1782 elementor-1114 elementor-1114 e-loop-item e-loop-item-2709 post-2709 sehenswertes type-sehenswertes status-publish has-post-thumbnail hentry sightseeing-category-destinazioni\" data-elementor-post-type=\"elementor_library\" data-custom-edit-handle=\"1\">\n\t\t\t<a class=\"elementor-element elementor-element-2f508d2 e-flex e-con-boxed e-con e-parent\" data-id=\"2f508d2\" data-element_type=\"container\" href=\"https:\/\/www.hotelamadeus.at\/it\/luoghi-di-interesse\/unaffascinante-avventura-in-una-grotta-di-ghiaccio\/\">\n\t\t\t\t\t<div class=\"e-con-inner\">\n\t\t\t\t<div class=\"elementor-element elementor-element-aae553e ratio-11 mb-3 elementor-widget elementor-widget-theme-post-featured-image elementor-widget-image\" data-id=\"aae553e\" data-element_type=\"widget\" data-widget_type=\"theme-post-featured-image.default\">\n\t\t\t\t<div class=\"elementor-widget-container\">\n\t\t\t\t\t\t\t\t\t\t\t\t\t\t\t<img loading=\"lazy\" decoding=\"async\" width=\"2560\" height=\"1706\" src=\"https:\/\/www.hotelamadeus.at\/content\/uploads\/eisriesenwelten-werfen-bei-salzburg.jpg\" class=\"attachment-full size-full wp-image-3023\" alt=\"Eisriesenwelt Werfen \u2013 spettacolari grotte di ghiaccio vicino a Salisburgo.\" srcset=\"https:\/\/www.hotelamadeus.at\/content\/uploads\/eisriesenwelten-werfen-bei-salzburg.jpg 2560w, https:\/\/www.hotelamadeus.at\/content\/uploads\/eisriesenwelten-werfen-bei-salzburg-300x200.jpg 300w, https:\/\/www.hotelamadeus.at\/content\/uploads\/eisriesenwelten-werfen-bei-salzburg-1024x682.jpg 1024w, https:\/\/www.hotelamadeus.at\/content\/uploads\/eisriesenwelten-werfen-bei-salzburg-768x512.jpg 768w, https:\/\/www.hotelamadeus.at\/content\/uploads\/eisriesenwelten-werfen-bei-salzburg-1536x1024.jpg 1536w, https:\/\/www.hotelamadeus.at\/content\/uploads\/eisriesenwelten-werfen-bei-salzburg-2048x1365.jpg 2048w\" sizes=\"(max-width: 2560px) 100vw, 2560px\" \/>\t\t\t\t\t\t\t\t\t\t\t\t\t\t\t<\/div>\n\t\t\t\t<\/div>\n\t\t\t\t<div class=\"elementor-element elementor-element-50e81f1 font-size-2xl mb-0 mb-1 elementor-widget elementor-widget-theme-post-title elementor-page-title elementor-widget-heading\" data-id=\"50e81f1\" data-element_type=\"widget\" data-widget_type=\"theme-post-title.default\">\n\t\t\t\t<div class=\"elementor-widget-container\">\n\t\t\t\t\t<h2 class=\"elementor-heading-title elementor-size-default\">Un&#8217;affascinante avventura in una grotta di ghiaccio<\/h2>\t\t\t\t<\/div>\n\t\t\t\t<\/div>\n\t\t\t\t<div class=\"elementor-element elementor-element-2bd499a font-size-base elementor-widget elementor-widget-heading\" data-id=\"2bd499a\" data-element_type=\"widget\" data-widget_type=\"heading.default\">\n\t\t\t\t<div class=\"elementor-widget-container\">\n\t\t\t\t\t<p class=\"elementor-heading-title elementor-size-default\">Scopri le impressionanti formazioni di ghiaccio e l'atmosfera magica che ti trasporta in un fiabesco paese delle meraviglie invernale: una meraviglia naturale indimenticabile!<\/p>\t\t\t\t<\/div>\n\t\t\t\t<\/div>\n\t\t\t\t\t<\/div>\n\t\t\t\t<\/a>\n\t\t\t\t<\/div>\n\t\t\t\t<div data-elementor-type=\"loop-item\" data-elementor-id=\"1782\" class=\"elementor elementor-1782 elementor-1114 elementor-1114 e-loop-item e-loop-item-2707 post-2707 sehenswertes type-sehenswertes status-publish has-post-thumbnail hentry sightseeing-category-destinazioni\" data-elementor-post-type=\"elementor_library\" data-custom-edit-handle=\"1\">\n\t\t\t<a class=\"elementor-element elementor-element-2f508d2 e-flex e-con-boxed e-con e-parent\" data-id=\"2f508d2\" data-element_type=\"container\" href=\"https:\/\/www.hotelamadeus.at\/it\/luoghi-di-interesse\/koenigssee-rilassati-ai-piedi-del-watzmann\/\">\n\t\t\t\t\t<div class=\"e-con-inner\">\n\t\t\t\t<div class=\"elementor-element elementor-element-aae553e ratio-11 mb-3 elementor-widget elementor-widget-theme-post-featured-image elementor-widget-image\" data-id=\"aae553e\" data-element_type=\"widget\" data-widget_type=\"theme-post-featured-image.default\">\n\t\t\t\t<div class=\"elementor-widget-container\">\n\t\t\t\t\t\t\t\t\t\t\t\t\t\t\t<img loading=\"lazy\" decoding=\"async\" width=\"2560\" height=\"1635\" src=\"https:\/\/www.hotelamadeus.at\/content\/uploads\/Koenigssee-im-berchtesgardner-land-salzburg.jpg\" class=\"attachment-full size-full wp-image-3011\" alt=\"K\u00f6nigssee nel Berchtesgadener Land vicino a Salisburgo \u2013 paradiso naturale sul lago.\" srcset=\"https:\/\/www.hotelamadeus.at\/content\/uploads\/Koenigssee-im-berchtesgardner-land-salzburg.jpg 2560w, https:\/\/www.hotelamadeus.at\/content\/uploads\/Koenigssee-im-berchtesgardner-land-salzburg-300x192.jpg 300w, https:\/\/www.hotelamadeus.at\/content\/uploads\/Koenigssee-im-berchtesgardner-land-salzburg-1024x654.jpg 1024w, https:\/\/www.hotelamadeus.at\/content\/uploads\/Koenigssee-im-berchtesgardner-land-salzburg-768x491.jpg 768w, https:\/\/www.hotelamadeus.at\/content\/uploads\/Koenigssee-im-berchtesgardner-land-salzburg-1536x981.jpg 1536w, https:\/\/www.hotelamadeus.at\/content\/uploads\/Koenigssee-im-berchtesgardner-land-salzburg-2048x1308.jpg 2048w\" sizes=\"(max-width: 2560px) 100vw, 2560px\" \/>\t\t\t\t\t\t\t\t\t\t\t\t\t\t\t<\/div>\n\t\t\t\t<\/div>\n\t\t\t\t<div class=\"elementor-element elementor-element-50e81f1 font-size-2xl mb-0 mb-1 elementor-widget elementor-widget-theme-post-title elementor-page-title elementor-widget-heading\" data-id=\"50e81f1\" data-element_type=\"widget\" data-widget_type=\"theme-post-title.default\">\n\t\t\t\t<div class=\"elementor-widget-container\">\n\t\t\t\t\t<h2 class=\"elementor-heading-title elementor-size-default\">K\u00f6nigssee &#8211; rilassati ai piedi del Watzmann<\/h2>\t\t\t\t<\/div>\n\t\t\t\t<\/div>\n\t\t\t\t<div class=\"elementor-element elementor-element-2bd499a font-size-base elementor-widget elementor-widget-heading\" data-id=\"2bd499a\" data-element_type=\"widget\" data-widget_type=\"heading.default\">\n\t\t\t\t<div class=\"elementor-widget-container\">\n\t\t\t\t\t<p class=\"elementor-heading-title elementor-size-default\">Il lago K\u00f6nigssee incanta con la sua acqua cristallina e le maestose montagne circostanti.<\/p>\t\t\t\t<\/div>\n\t\t\t\t<\/div>\n\t\t\t\t\t<\/div>\n\t\t\t\t<\/a>\n\t\t\t\t<\/div>\n\t\t\t\t<div data-elementor-type=\"loop-item\" data-elementor-id=\"1782\" class=\"elementor elementor-1782 elementor-1114 elementor-1114 e-loop-item e-loop-item-2705 post-2705 sehenswertes type-sehenswertes status-publish has-post-thumbnail hentry sightseeing-category-destinazioni\" data-elementor-post-type=\"elementor_library\" data-custom-edit-handle=\"1\">\n\t\t\t<a class=\"elementor-element elementor-element-2f508d2 e-flex e-con-boxed e-con e-parent\" data-id=\"2f508d2\" data-element_type=\"container\" href=\"https:\/\/www.hotelamadeus.at\/it\/luoghi-di-interesse\/escursione-nel-distretto-dei-laghi-del-salzkammergut\/\">\n\t\t\t\t\t<div class=\"e-con-inner\">\n\t\t\t\t<div class=\"elementor-element elementor-element-aae553e ratio-11 mb-3 elementor-widget elementor-widget-theme-post-featured-image elementor-widget-image\" data-id=\"aae553e\" data-element_type=\"widget\" data-widget_type=\"theme-post-featured-image.default\">\n\t\t\t\t<div class=\"elementor-widget-container\">\n\t\t\t\t\t\t\t\t\t\t\t\t\t\t\t<img loading=\"lazy\" decoding=\"async\" width=\"2000\" height=\"1333\" src=\"https:\/\/www.hotelamadeus.at\/content\/uploads\/see-bergkulisse-salzburger-land.jpg\" class=\"attachment-full size-full wp-image-3135\" alt=\"Panorama di lago e montagna nel Salisburghese \u2013 pura bellezza.\" srcset=\"https:\/\/www.hotelamadeus.at\/content\/uploads\/see-bergkulisse-salzburger-land.jpg 2000w, https:\/\/www.hotelamadeus.at\/content\/uploads\/see-bergkulisse-salzburger-land-300x200.jpg 300w, https:\/\/www.hotelamadeus.at\/content\/uploads\/see-bergkulisse-salzburger-land-1024x682.jpg 1024w, https:\/\/www.hotelamadeus.at\/content\/uploads\/see-bergkulisse-salzburger-land-768x512.jpg 768w, https:\/\/www.hotelamadeus.at\/content\/uploads\/see-bergkulisse-salzburger-land-1536x1024.jpg 1536w\" sizes=\"(max-width: 2000px) 100vw, 2000px\" \/>\t\t\t\t\t\t\t\t\t\t\t\t\t\t\t<\/div>\n\t\t\t\t<\/div>\n\t\t\t\t<div class=\"elementor-element elementor-element-50e81f1 font-size-2xl mb-0 mb-1 elementor-widget elementor-widget-theme-post-title elementor-page-title elementor-widget-heading\" data-id=\"50e81f1\" data-element_type=\"widget\" data-widget_type=\"theme-post-title.default\">\n\t\t\t\t<div class=\"elementor-widget-container\">\n\t\t\t\t\t<h2 class=\"elementor-heading-title elementor-size-default\">Escursione nel distretto dei laghi del Salzkammergut<\/h2>\t\t\t\t<\/div>\n\t\t\t\t<\/div>\n\t\t\t\t<div class=\"elementor-element elementor-element-2bd499a font-size-base elementor-widget elementor-widget-heading\" data-id=\"2bd499a\" data-element_type=\"widget\" data-widget_type=\"heading.default\">\n\t\t\t\t<div class=\"elementor-widget-container\">\n\t\t\t\t\t<p class=\"elementor-heading-title elementor-size-default\">Laghi cristallini, montagne imponenti e villaggi idilliaci: il Salzkammergut \u00e8 un paradiso per gli amanti della natura.<\/p>\t\t\t\t<\/div>\n\t\t\t\t<\/div>\n\t\t\t\t\t<\/div>\n\t\t\t\t<\/a>\n\t\t\t\t<\/div>\n\t\t\t\t<div data-elementor-type=\"loop-item\" data-elementor-id=\"1782\" class=\"elementor elementor-1782 elementor-1114 elementor-1114 e-loop-item e-loop-item-2703 post-2703 sehenswertes type-sehenswertes status-publish has-post-thumbnail hentry sightseeing-category-destinazioni sightseeing-category-esperienze\" data-elementor-post-type=\"elementor_library\" data-custom-edit-handle=\"1\">\n\t\t\t<a class=\"elementor-element elementor-element-2f508d2 e-flex e-con-boxed e-con e-parent\" data-id=\"2f508d2\" data-element_type=\"container\" href=\"https:\/\/www.hotelamadeus.at\/it\/luoghi-di-interesse\/zoo-di-hellbrunn\/\">\n\t\t\t\t\t<div class=\"e-con-inner\">\n\t\t\t\t<div class=\"elementor-element elementor-element-aae553e ratio-11 mb-3 elementor-widget elementor-widget-theme-post-featured-image elementor-widget-image\" data-id=\"aae553e\" data-element_type=\"widget\" data-widget_type=\"theme-post-featured-image.default\">\n\t\t\t\t<div class=\"elementor-widget-container\">\n\t\t\t\t\t\t\t\t\t\t\t\t\t\t\t<img loading=\"lazy\" decoding=\"async\" width=\"1080\" height=\"607\" src=\"https:\/\/www.hotelamadeus.at\/content\/uploads\/flamingos-im-zoo-salzburg.webp\" class=\"attachment-full size-full wp-image-2983\" alt=\"Fenicotteri nel loro habitat naturale allo Zoo di Salisburgo.\" srcset=\"https:\/\/www.hotelamadeus.at\/content\/uploads\/flamingos-im-zoo-salzburg.webp 1080w, https:\/\/www.hotelamadeus.at\/content\/uploads\/flamingos-im-zoo-salzburg-300x169.webp 300w, https:\/\/www.hotelamadeus.at\/content\/uploads\/flamingos-im-zoo-salzburg-1024x576.webp 1024w, https:\/\/www.hotelamadeus.at\/content\/uploads\/flamingos-im-zoo-salzburg-768x432.webp 768w\" sizes=\"(max-width: 1080px) 100vw, 1080px\" \/>\t\t\t\t\t\t\t\t\t\t\t\t\t\t\t<\/div>\n\t\t\t\t<\/div>\n\t\t\t\t<div class=\"elementor-element elementor-element-50e81f1 font-size-2xl mb-0 mb-1 elementor-widget elementor-widget-theme-post-title elementor-page-title elementor-widget-heading\" data-id=\"50e81f1\" data-element_type=\"widget\" data-widget_type=\"theme-post-title.default\">\n\t\t\t\t<div class=\"elementor-widget-container\">\n\t\t\t\t\t<h2 class=\"elementor-heading-title elementor-size-default\">Zoo Salzburg, Hellbrunn<\/h2>\t\t\t\t<\/div>\n\t\t\t\t<\/div>\n\t\t\t\t<div class=\"elementor-element elementor-element-2bd499a font-size-base elementor-widget elementor-widget-heading\" data-id=\"2bd499a\" data-element_type=\"widget\" data-widget_type=\"heading.default\">\n\t\t\t\t<div class=\"elementor-widget-container\">\n\t\t\t\t\t<p class=\"elementor-heading-title elementor-size-default\">Dagli animali selvatici autoctoni alle specie esotiche, qui c'\u00e8 molto da scoprire: una meta escursionistica perfetta per grandi e piccini!<\/p>\t\t\t\t<\/div>\n\t\t\t\t<\/div>\n\t\t\t\t\t<\/div>\n\t\t\t\t<\/a>\n\t\t\t\t<\/div>\n\t\t\t\t<div data-elementor-type=\"loop-item\" data-elementor-id=\"1782\" class=\"elementor elementor-1782 elementor-1114 elementor-1114 e-loop-item e-loop-item-2701 post-2701 sehenswertes type-sehenswertes status-publish has-post-thumbnail hentry sightseeing-category-visite-turistiche\" data-elementor-post-type=\"elementor_library\" data-custom-edit-handle=\"1\">\n\t\t\t<a class=\"elementor-element elementor-element-2f508d2 e-flex e-con-boxed e-con e-parent\" data-id=\"2f508d2\" data-element_type=\"container\" href=\"https:\/\/www.hotelamadeus.at\/it\/luoghi-di-interesse\/il-cimitero-di-san-sebastiano-nella-citta-di-salisburgo\/\">\n\t\t\t\t\t<div class=\"e-con-inner\">\n\t\t\t\t<div class=\"elementor-element elementor-element-aae553e ratio-11 mb-3 elementor-widget elementor-widget-theme-post-featured-image elementor-widget-image\" data-id=\"aae553e\" data-element_type=\"widget\" data-widget_type=\"theme-post-featured-image.default\">\n\t\t\t\t<div class=\"elementor-widget-container\">\n\t\t\t\t\t\t\t\t\t\t\t\t\t\t\t<img loading=\"lazy\" decoding=\"async\" width=\"2560\" height=\"1708\" src=\"https:\/\/www.hotelamadeus.at\/content\/uploads\/ausblick-hotelzimmer-sebastiansfriedhof-salzburg.jpg\" class=\"attachment-full size-full wp-image-2241\" alt=\"Vista pittoresca dalla camera d&#039;albergo dell&#039;idilliaco cimitero di San Sebastiano a Salisburgo.\" srcset=\"https:\/\/www.hotelamadeus.at\/content\/uploads\/ausblick-hotelzimmer-sebastiansfriedhof-salzburg.jpg 2560w, https:\/\/www.hotelamadeus.at\/content\/uploads\/ausblick-hotelzimmer-sebastiansfriedhof-salzburg-300x200.jpg 300w, https:\/\/www.hotelamadeus.at\/content\/uploads\/ausblick-hotelzimmer-sebastiansfriedhof-salzburg-1024x683.jpg 1024w, https:\/\/www.hotelamadeus.at\/content\/uploads\/ausblick-hotelzimmer-sebastiansfriedhof-salzburg-768x512.jpg 768w, https:\/\/www.hotelamadeus.at\/content\/uploads\/ausblick-hotelzimmer-sebastiansfriedhof-salzburg-1536x1025.jpg 1536w, https:\/\/www.hotelamadeus.at\/content\/uploads\/ausblick-hotelzimmer-sebastiansfriedhof-salzburg-2048x1366.jpg 2048w\" sizes=\"(max-width: 2560px) 100vw, 2560px\" \/>\t\t\t\t\t\t\t\t\t\t\t\t\t\t\t<\/div>\n\t\t\t\t<\/div>\n\t\t\t\t<div class=\"elementor-element elementor-element-50e81f1 font-size-2xl mb-0 mb-1 elementor-widget elementor-widget-theme-post-title elementor-page-title elementor-widget-heading\" data-id=\"50e81f1\" data-element_type=\"widget\" data-widget_type=\"theme-post-title.default\">\n\t\t\t\t<div class=\"elementor-widget-container\">\n\t\t\t\t\t<h2 class=\"elementor-heading-title elementor-size-default\">Il cimitero di San Sebastiano nella citt\u00e0 di Salisburgo<\/h2>\t\t\t\t<\/div>\n\t\t\t\t<\/div>\n\t\t\t\t<div class=\"elementor-element elementor-element-2bd499a font-size-base elementor-widget elementor-widget-heading\" data-id=\"2bd499a\" data-element_type=\"widget\" data-widget_type=\"heading.default\">\n\t\t\t\t<div class=\"elementor-widget-container\">\n\t\t\t\t\t<p class=\"elementor-heading-title elementor-size-default\">Il cimitero di San Sebastiano a Salisburgo colpisce per la sua architettura unica in stile italiano<\/p>\t\t\t\t<\/div>\n\t\t\t\t<\/div>\n\t\t\t\t\t<\/div>\n\t\t\t\t<\/a>\n\t\t\t\t<\/div>\n\t\t\t\t<div data-elementor-type=\"loop-item\" data-elementor-id=\"1782\" class=\"elementor elementor-1782 elementor-1114 elementor-1114 e-loop-item e-loop-item-2699 post-2699 sehenswertes type-sehenswertes status-publish has-post-thumbnail hentry sightseeing-category-visite-turistiche\" data-elementor-post-type=\"elementor_library\" data-custom-edit-handle=\"1\">\n\t\t\t<a class=\"elementor-element elementor-element-2f508d2 e-flex e-con-boxed e-con e-parent\" data-id=\"2f508d2\" data-element_type=\"container\" href=\"https:\/\/www.hotelamadeus.at\/it\/luoghi-di-interesse\/linzer-gasse-platzl\/\">\n\t\t\t\t\t<div class=\"e-con-inner\">\n\t\t\t\t<div class=\"elementor-element elementor-element-aae553e ratio-11 mb-3 elementor-widget elementor-widget-theme-post-featured-image elementor-widget-image\" data-id=\"aae553e\" data-element_type=\"widget\" data-widget_type=\"theme-post-featured-image.default\">\n\t\t\t\t<div class=\"elementor-widget-container\">\n\t\t\t\t\t\t\t\t\t\t\t\t\t\t\t<img loading=\"lazy\" decoding=\"async\" width=\"2560\" height=\"1708\" src=\"https:\/\/www.hotelamadeus.at\/content\/uploads\/blick-linzergasse-hotel-amadeus.jpg\" class=\"attachment-full size-full wp-image-2061\" alt=\"Vista della storica Linzergasse di Salisburgo dall&#039;Hotel Amadeus.\" srcset=\"https:\/\/www.hotelamadeus.at\/content\/uploads\/blick-linzergasse-hotel-amadeus.jpg 2560w, https:\/\/www.hotelamadeus.at\/content\/uploads\/blick-linzergasse-hotel-amadeus-300x200.jpg 300w, https:\/\/www.hotelamadeus.at\/content\/uploads\/blick-linzergasse-hotel-amadeus-1024x683.jpg 1024w, https:\/\/www.hotelamadeus.at\/content\/uploads\/blick-linzergasse-hotel-amadeus-768x512.jpg 768w, https:\/\/www.hotelamadeus.at\/content\/uploads\/blick-linzergasse-hotel-amadeus-1536x1025.jpg 1536w, https:\/\/www.hotelamadeus.at\/content\/uploads\/blick-linzergasse-hotel-amadeus-2048x1366.jpg 2048w\" sizes=\"(max-width: 2560px) 100vw, 2560px\" \/>\t\t\t\t\t\t\t\t\t\t\t\t\t\t\t<\/div>\n\t\t\t\t<\/div>\n\t\t\t\t<div class=\"elementor-element elementor-element-50e81f1 font-size-2xl mb-0 mb-1 elementor-widget elementor-widget-theme-post-title elementor-page-title elementor-widget-heading\" data-id=\"50e81f1\" data-element_type=\"widget\" data-widget_type=\"theme-post-title.default\">\n\t\t\t\t<div class=\"elementor-widget-container\">\n\t\t\t\t\t<h2 class=\"elementor-heading-title elementor-size-default\">Linzer Gasse &amp; Platzl<\/h2>\t\t\t\t<\/div>\n\t\t\t\t<\/div>\n\t\t\t\t<div class=\"elementor-element elementor-element-2bd499a font-size-base elementor-widget elementor-widget-heading\" data-id=\"2bd499a\" data-element_type=\"widget\" data-widget_type=\"heading.default\">\n\t\t\t\t<div class=\"elementor-widget-container\">\n\t\t\t\t\t<p class=\"elementor-heading-title elementor-size-default\">Tra case storiche, caff\u00e8 accoglienti e locande tradizionali, questa strada ricca di storia ti invita a passeggiare e a scoprire.<\/p>\t\t\t\t<\/div>\n\t\t\t\t<\/div>\n\t\t\t\t\t<\/div>\n\t\t\t\t<\/a>\n\t\t\t\t<\/div>\n\t\t\t\t<div data-elementor-type=\"loop-item\" data-elementor-id=\"1782\" class=\"elementor elementor-1782 elementor-1114 elementor-1114 e-loop-item e-loop-item-2697 post-2697 sehenswertes type-sehenswertes status-publish has-post-thumbnail hentry sightseeing-category-visite-turistiche\" data-elementor-post-type=\"elementor_library\" data-custom-edit-handle=\"1\">\n\t\t\t<a class=\"elementor-element elementor-element-2f508d2 e-flex e-con-boxed e-con e-parent\" data-id=\"2f508d2\" data-element_type=\"container\" href=\"https:\/\/www.hotelamadeus.at\/it\/luoghi-di-interesse\/i-giardini-di-mirabell-a-salisburgo\/\">\n\t\t\t\t\t<div class=\"e-con-inner\">\n\t\t\t\t<div class=\"elementor-element elementor-element-aae553e ratio-11 mb-3 elementor-widget elementor-widget-theme-post-featured-image elementor-widget-image\" data-id=\"aae553e\" data-element_type=\"widget\" data-widget_type=\"theme-post-featured-image.default\">\n\t\t\t\t<div class=\"elementor-widget-container\">\n\t\t\t\t\t\t\t\t\t\t\t\t\t\t\t<img loading=\"lazy\" decoding=\"async\" width=\"2560\" height=\"1706\" src=\"https:\/\/www.hotelamadeus.at\/content\/uploads\/mirabell-garten-altstadt-salzburg.jpg\" class=\"attachment-full size-full wp-image-3008\" alt=\"Giardini Mirabell nel centro storico di Salisburgo \u2013 arte barocca con vista sulla fortezza.\" srcset=\"https:\/\/www.hotelamadeus.at\/content\/uploads\/mirabell-garten-altstadt-salzburg.jpg 2560w, https:\/\/www.hotelamadeus.at\/content\/uploads\/mirabell-garten-altstadt-salzburg-300x200.jpg 300w, https:\/\/www.hotelamadeus.at\/content\/uploads\/mirabell-garten-altstadt-salzburg-1024x682.jpg 1024w, https:\/\/www.hotelamadeus.at\/content\/uploads\/mirabell-garten-altstadt-salzburg-768x512.jpg 768w, https:\/\/www.hotelamadeus.at\/content\/uploads\/mirabell-garten-altstadt-salzburg-1536x1024.jpg 1536w, https:\/\/www.hotelamadeus.at\/content\/uploads\/mirabell-garten-altstadt-salzburg-2048x1365.jpg 2048w\" sizes=\"(max-width: 2560px) 100vw, 2560px\" \/>\t\t\t\t\t\t\t\t\t\t\t\t\t\t\t<\/div>\n\t\t\t\t<\/div>\n\t\t\t\t<div class=\"elementor-element elementor-element-50e81f1 font-size-2xl mb-0 mb-1 elementor-widget elementor-widget-theme-post-title elementor-page-title elementor-widget-heading\" data-id=\"50e81f1\" data-element_type=\"widget\" data-widget_type=\"theme-post-title.default\">\n\t\t\t\t<div class=\"elementor-widget-container\">\n\t\t\t\t\t<h2 class=\"elementor-heading-title elementor-size-default\">I Giardini di Mirabell a Salisburgo<\/h2>\t\t\t\t<\/div>\n\t\t\t\t<\/div>\n\t\t\t\t<div class=\"elementor-element elementor-element-2bd499a font-size-base elementor-widget elementor-widget-heading\" data-id=\"2bd499a\" data-element_type=\"widget\" data-widget_type=\"heading.default\">\n\t\t\t\t<div class=\"elementor-widget-container\">\n\t\t\t\t\t<p class=\"elementor-heading-title elementor-size-default\">Scopri i magnifici Giardini di Mirabell a Salisburgo: un capolavoro barocco con una simmetria perfetta, sculture artistiche e una fantastica vista sulla Fortezza di Hohensalzburg.<\/p>\t\t\t\t<\/div>\n\t\t\t\t<\/div>\n\t\t\t\t\t<\/div>\n\t\t\t\t<\/a>\n\t\t\t\t<\/div>\n\t\t\t\t<div data-elementor-type=\"loop-item\" data-elementor-id=\"1782\" class=\"elementor elementor-1782 elementor-1114 elementor-1114 e-loop-item e-loop-item-2695 post-2695 sehenswertes type-sehenswertes status-publish has-post-thumbnail hentry sightseeing-category-esperienze\" data-elementor-post-type=\"elementor_library\" data-custom-edit-handle=\"1\">\n\t\t\t<a class=\"elementor-element elementor-element-2f508d2 e-flex e-con-boxed e-con e-parent\" data-id=\"2f508d2\" data-element_type=\"container\" href=\"https:\/\/www.hotelamadeus.at\/it\/luoghi-di-interesse\/i-migliori-parchi-giochi-di-salisburgo\/\">\n\t\t\t\t\t<div class=\"e-con-inner\">\n\t\t\t\t<div class=\"elementor-element elementor-element-aae553e ratio-11 mb-3 elementor-widget elementor-widget-theme-post-featured-image elementor-widget-image\" data-id=\"aae553e\" data-element_type=\"widget\" data-widget_type=\"theme-post-featured-image.default\">\n\t\t\t\t<div class=\"elementor-widget-container\">\n\t\t\t\t\t\t\t\t\t\t\t\t\t\t\t<img loading=\"lazy\" decoding=\"async\" width=\"2560\" height=\"1708\" src=\"https:\/\/www.hotelamadeus.at\/content\/uploads\/spielplaetze-in-der-stadt-salzburg.jpg\" class=\"attachment-full size-full wp-image-2990\" alt=\"Parchi giochi nella citt\u00e0 di Salisburgo \u2013 divertimento per bambini nel verde.\" srcset=\"https:\/\/www.hotelamadeus.at\/content\/uploads\/spielplaetze-in-der-stadt-salzburg.jpg 2560w, https:\/\/www.hotelamadeus.at\/content\/uploads\/spielplaetze-in-der-stadt-salzburg-300x200.jpg 300w, https:\/\/www.hotelamadeus.at\/content\/uploads\/spielplaetze-in-der-stadt-salzburg-1024x683.jpg 1024w, https:\/\/www.hotelamadeus.at\/content\/uploads\/spielplaetze-in-der-stadt-salzburg-768x512.jpg 768w, https:\/\/www.hotelamadeus.at\/content\/uploads\/spielplaetze-in-der-stadt-salzburg-1536x1025.jpg 1536w, https:\/\/www.hotelamadeus.at\/content\/uploads\/spielplaetze-in-der-stadt-salzburg-2048x1366.jpg 2048w\" sizes=\"(max-width: 2560px) 100vw, 2560px\" \/>\t\t\t\t\t\t\t\t\t\t\t\t\t\t\t<\/div>\n\t\t\t\t<\/div>\n\t\t\t\t<div class=\"elementor-element elementor-element-50e81f1 font-size-2xl mb-0 mb-1 elementor-widget elementor-widget-theme-post-title elementor-page-title elementor-widget-heading\" data-id=\"50e81f1\" data-element_type=\"widget\" data-widget_type=\"theme-post-title.default\">\n\t\t\t\t<div class=\"elementor-widget-container\">\n\t\t\t\t\t<h2 class=\"elementor-heading-title elementor-size-default\">I migliori parchi giochi di Salisburgo<\/h2>\t\t\t\t<\/div>\n\t\t\t\t<\/div>\n\t\t\t\t<div class=\"elementor-element elementor-element-2bd499a font-size-base elementor-widget elementor-widget-heading\" data-id=\"2bd499a\" data-element_type=\"widget\" data-widget_type=\"heading.default\">\n\t\t\t\t<div class=\"elementor-widget-container\">\n\t\t\t\t\t<p class=\"elementor-heading-title elementor-size-default\">Che ci sia il sole o la pioggia, a Salisburgo i bambini hanno molte possibilit\u00e0 di giocare!<\/p>\t\t\t\t<\/div>\n\t\t\t\t<\/div>\n\t\t\t\t\t<\/div>\n\t\t\t\t<\/a>\n\t\t\t\t<\/div>\n\t\t\t\t<div data-elementor-type=\"loop-item\" data-elementor-id=\"1782\" class=\"elementor elementor-1782 elementor-1114 elementor-1114 e-loop-item e-loop-item-2694 post-2694 sehenswertes type-sehenswertes status-publish has-post-thumbnail hentry sightseeing-category-esperienze\" data-elementor-post-type=\"elementor_library\" data-custom-edit-handle=\"1\">\n\t\t\t<a class=\"elementor-element elementor-element-2f508d2 e-flex e-con-boxed e-con e-parent\" data-id=\"2f508d2\" data-element_type=\"container\" href=\"https:\/\/www.hotelamadeus.at\/it\/luoghi-di-interesse\/salisburgo-con-i-bambini-sotto-la-pioggia\/\">\n\t\t\t\t\t<div class=\"e-con-inner\">\n\t\t\t\t<div class=\"elementor-element elementor-element-aae553e ratio-11 mb-3 elementor-widget elementor-widget-theme-post-featured-image elementor-widget-image\" data-id=\"aae553e\" data-element_type=\"widget\" data-widget_type=\"theme-post-featured-image.default\">\n\t\t\t\t<div class=\"elementor-widget-container\">\n\t\t\t\t\t\t\t\t\t\t\t\t\t\t\t<img loading=\"lazy\" decoding=\"async\" width=\"2560\" height=\"1708\" src=\"https:\/\/www.hotelamadeus.at\/content\/uploads\/kinder-bei-regen-in-stadt-salzburg.jpg\" class=\"attachment-full size-full wp-image-3105\" alt=\"Bambini sotto la pioggia a Salisburgo \u2013 la citt\u00e0 diverte sempre.\" srcset=\"https:\/\/www.hotelamadeus.at\/content\/uploads\/kinder-bei-regen-in-stadt-salzburg.jpg 2560w, https:\/\/www.hotelamadeus.at\/content\/uploads\/kinder-bei-regen-in-stadt-salzburg-300x200.jpg 300w, https:\/\/www.hotelamadeus.at\/content\/uploads\/kinder-bei-regen-in-stadt-salzburg-1024x683.jpg 1024w, https:\/\/www.hotelamadeus.at\/content\/uploads\/kinder-bei-regen-in-stadt-salzburg-768x512.jpg 768w, https:\/\/www.hotelamadeus.at\/content\/uploads\/kinder-bei-regen-in-stadt-salzburg-1536x1025.jpg 1536w, https:\/\/www.hotelamadeus.at\/content\/uploads\/kinder-bei-regen-in-stadt-salzburg-2048x1366.jpg 2048w\" sizes=\"(max-width: 2560px) 100vw, 2560px\" \/>\t\t\t\t\t\t\t\t\t\t\t\t\t\t\t<\/div>\n\t\t\t\t<\/div>\n\t\t\t\t<div class=\"elementor-element elementor-element-50e81f1 font-size-2xl mb-0 mb-1 elementor-widget elementor-widget-theme-post-title elementor-page-title elementor-widget-heading\" data-id=\"50e81f1\" data-element_type=\"widget\" data-widget_type=\"theme-post-title.default\">\n\t\t\t\t<div class=\"elementor-widget-container\">\n\t\t\t\t\t<h2 class=\"elementor-heading-title elementor-size-default\">Salisburgo con i bambini sotto la pioggia<\/h2>\t\t\t\t<\/div>\n\t\t\t\t<\/div>\n\t\t\t\t<div class=\"elementor-element elementor-element-2bd499a font-size-base elementor-widget elementor-widget-heading\" data-id=\"2bd499a\" data-element_type=\"widget\" data-widget_type=\"heading.default\">\n\t\t\t\t<div class=\"elementor-widget-container\">\n\t\t\t\t\t<p class=\"elementor-heading-title elementor-size-default\">Qualunque sia il tempo, Salisburgo offre molte attivit\u00e0 interessanti per tutta la famiglia, anche sotto la pioggia!<\/p>\t\t\t\t<\/div>\n\t\t\t\t<\/div>\n\t\t\t\t\t<\/div>\n\t\t\t\t<\/a>\n\t\t\t\t<\/div>\n\t\t\t\t<div data-elementor-type=\"loop-item\" data-elementor-id=\"1782\" class=\"elementor elementor-1782 elementor-1114 elementor-1114 e-loop-item e-loop-item-2607 post-2607 sehenswertes type-sehenswertes status-publish has-post-thumbnail hentry sightseeing-category-esperienze\" data-elementor-post-type=\"elementor_library\" data-custom-edit-handle=\"1\">\n\t\t\t<a class=\"elementor-element elementor-element-2f508d2 e-flex e-con-boxed e-con e-parent\" data-id=\"2f508d2\" data-element_type=\"container\" href=\"https:\/\/www.hotelamadeus.at\/it\/luoghi-di-interesse\/12-musei-per-bambini-a-salisburgo\/\">\n\t\t\t\t\t<div class=\"e-con-inner\">\n\t\t\t\t<div class=\"elementor-element elementor-element-aae553e ratio-11 mb-3 elementor-widget elementor-widget-theme-post-featured-image elementor-widget-image\" data-id=\"aae553e\" data-element_type=\"widget\" data-widget_type=\"theme-post-featured-image.default\">\n\t\t\t\t<div class=\"elementor-widget-container\">\n\t\t\t\t\t\t\t\t\t\t\t\t\t\t\t<img loading=\"lazy\" decoding=\"async\" width=\"1100\" height=\"735\" src=\"https:\/\/www.hotelamadeus.at\/content\/uploads\/Museum-der-moderne-salzburg.jpg\" class=\"attachment-full size-full wp-image-3108\" alt=\"Museo di Arte Moderna Salisburgo \u2013 arte contemporanea con vista panoramica.\" srcset=\"https:\/\/www.hotelamadeus.at\/content\/uploads\/Museum-der-moderne-salzburg.jpg 1100w, https:\/\/www.hotelamadeus.at\/content\/uploads\/Museum-der-moderne-salzburg-300x200.jpg 300w, https:\/\/www.hotelamadeus.at\/content\/uploads\/Museum-der-moderne-salzburg-1024x684.jpg 1024w, https:\/\/www.hotelamadeus.at\/content\/uploads\/Museum-der-moderne-salzburg-768x513.jpg 768w\" sizes=\"(max-width: 1100px) 100vw, 1100px\" \/>\t\t\t\t\t\t\t\t\t\t\t\t\t\t\t<\/div>\n\t\t\t\t<\/div>\n\t\t\t\t<div class=\"elementor-element elementor-element-50e81f1 font-size-2xl mb-0 mb-1 elementor-widget elementor-widget-theme-post-title elementor-page-title elementor-widget-heading\" data-id=\"50e81f1\" data-element_type=\"widget\" data-widget_type=\"theme-post-title.default\">\n\t\t\t\t<div class=\"elementor-widget-container\">\n\t\t\t\t\t<h2 class=\"elementor-heading-title elementor-size-default\">12 musei per bambini a Salisburgo<\/h2>\t\t\t\t<\/div>\n\t\t\t\t<\/div>\n\t\t\t\t<div class=\"elementor-element elementor-element-2bd499a font-size-base elementor-widget elementor-widget-heading\" data-id=\"2bd499a\" data-element_type=\"widget\" data-widget_type=\"heading.default\">\n\t\t\t\t<div class=\"elementor-widget-container\">\n\t\t\t\t\t<p class=\"elementor-heading-title elementor-size-default\">Salisburgo offre un'ampia gamma di musei a misura di bambino che fanno rivivere la storia, l'arte e la scienza. Perfetto per una vacanza variegata in famiglia! <\/p>\t\t\t\t<\/div>\n\t\t\t\t<\/div>\n\t\t\t\t\t<\/div>\n\t\t\t\t<\/a>\n\t\t\t\t<\/div>\n\t\t\t\t<div data-elementor-type=\"loop-item\" data-elementor-id=\"1782\" class=\"elementor elementor-1782 elementor-1114 elementor-1114 e-loop-item e-loop-item-2598 post-2598 sehenswertes type-sehenswertes status-publish has-post-thumbnail hentry sightseeing-category-esperienze\" data-elementor-post-type=\"elementor_library\" data-custom-edit-handle=\"1\">\n\t\t\t<a class=\"elementor-element elementor-element-2f508d2 e-flex e-con-boxed e-con e-parent\" data-id=\"2f508d2\" data-element_type=\"container\" href=\"https:\/\/www.hotelamadeus.at\/it\/luoghi-di-interesse\/salisburgo-con-bambini\/\">\n\t\t\t\t\t<div class=\"e-con-inner\">\n\t\t\t\t<div class=\"elementor-element elementor-element-aae553e ratio-11 mb-3 elementor-widget elementor-widget-theme-post-featured-image elementor-widget-image\" data-id=\"aae553e\" data-element_type=\"widget\" data-widget_type=\"theme-post-featured-image.default\">\n\t\t\t\t<div class=\"elementor-widget-container\">\n\t\t\t\t\t\t\t\t\t\t\t\t\t\t\t<img loading=\"lazy\" decoding=\"async\" width=\"2560\" height=\"1706\" src=\"https:\/\/www.hotelamadeus.at\/content\/uploads\/familienurlaub-in-der-stad-salzburg.jpg\" class=\"attachment-full size-full wp-image-3020\" alt=\"Vacanza in famiglia nella citt\u00e0 di Salisburgo tra cultura e avventure.\" srcset=\"https:\/\/www.hotelamadeus.at\/content\/uploads\/familienurlaub-in-der-stad-salzburg.jpg 2560w, https:\/\/www.hotelamadeus.at\/content\/uploads\/familienurlaub-in-der-stad-salzburg-300x200.jpg 300w, https:\/\/www.hotelamadeus.at\/content\/uploads\/familienurlaub-in-der-stad-salzburg-1024x682.jpg 1024w, https:\/\/www.hotelamadeus.at\/content\/uploads\/familienurlaub-in-der-stad-salzburg-768x512.jpg 768w, https:\/\/www.hotelamadeus.at\/content\/uploads\/familienurlaub-in-der-stad-salzburg-1536x1024.jpg 1536w, https:\/\/www.hotelamadeus.at\/content\/uploads\/familienurlaub-in-der-stad-salzburg-2048x1365.jpg 2048w\" sizes=\"(max-width: 2560px) 100vw, 2560px\" \/>\t\t\t\t\t\t\t\t\t\t\t\t\t\t\t<\/div>\n\t\t\t\t<\/div>\n\t\t\t\t<div class=\"elementor-element elementor-element-50e81f1 font-size-2xl mb-0 mb-1 elementor-widget elementor-widget-theme-post-title elementor-page-title elementor-widget-heading\" data-id=\"50e81f1\" data-element_type=\"widget\" data-widget_type=\"theme-post-title.default\">\n\t\t\t\t<div class=\"elementor-widget-container\">\n\t\t\t\t\t<h2 class=\"elementor-heading-title elementor-size-default\">Salisburgo con Bambini<\/h2>\t\t\t\t<\/div>\n\t\t\t\t<\/div>\n\t\t\t\t<div class=\"elementor-element elementor-element-2bd499a font-size-base elementor-widget elementor-widget-heading\" data-id=\"2bd499a\" data-element_type=\"widget\" data-widget_type=\"heading.default\">\n\t\t\t\t<div class=\"elementor-widget-container\">\n\t\t\t\t\t<p class=\"elementor-heading-title elementor-size-default\">Vivi Salisburgo con la famiglia \u2013 da attrazioni e musei a escursioni nella natura. La citt\u00e0 di Mozart offre numerose attivit\u00e0 per tutte le et\u00e0. <\/p>\t\t\t\t<\/div>\n\t\t\t\t<\/div>\n\t\t\t\t\t<\/div>\n\t\t\t\t<\/a>\n\t\t\t\t<\/div>\n\t\t\t\t<div data-elementor-type=\"loop-item\" data-elementor-id=\"1782\" class=\"elementor elementor-1782 elementor-1114 elementor-1114 e-loop-item e-loop-item-2555 post-2555 sehenswertes type-sehenswertes status-publish has-post-thumbnail hentry sightseeing-category-esperienze\" data-elementor-post-type=\"elementor_library\" data-custom-edit-handle=\"1\">\n\t\t\t<a class=\"elementor-element elementor-element-2f508d2 e-flex e-con-boxed e-con e-parent\" data-id=\"2f508d2\" data-element_type=\"container\" href=\"https:\/\/www.hotelamadeus.at\/it\/luoghi-di-interesse\/mercatini-di-natale-di-salisburgo\/\">\n\t\t\t\t\t<div class=\"e-con-inner\">\n\t\t\t\t<div class=\"elementor-element elementor-element-aae553e ratio-11 mb-3 elementor-widget elementor-widget-theme-post-featured-image elementor-widget-image\" data-id=\"aae553e\" data-element_type=\"widget\" data-widget_type=\"theme-post-featured-image.default\">\n\t\t\t\t<div class=\"elementor-widget-container\">\n\t\t\t\t\t\t\t\t\t\t\t\t\t\t\t<img loading=\"lazy\" decoding=\"async\" width=\"2560\" height=\"1708\" src=\"https:\/\/www.hotelamadeus.at\/content\/uploads\/weihnachtsmarkt-salzburg-mit-traditionellen-staenden.jpg\" class=\"attachment-full size-full wp-image-3090\" alt=\"Mercatino di Natale a Salisburgo con bancarelle tradizionali e atmosfera festiva.\" srcset=\"https:\/\/www.hotelamadeus.at\/content\/uploads\/weihnachtsmarkt-salzburg-mit-traditionellen-staenden.jpg 2560w, https:\/\/www.hotelamadeus.at\/content\/uploads\/weihnachtsmarkt-salzburg-mit-traditionellen-staenden-300x200.jpg 300w, https:\/\/www.hotelamadeus.at\/content\/uploads\/weihnachtsmarkt-salzburg-mit-traditionellen-staenden-1024x683.jpg 1024w, https:\/\/www.hotelamadeus.at\/content\/uploads\/weihnachtsmarkt-salzburg-mit-traditionellen-staenden-768x512.jpg 768w, https:\/\/www.hotelamadeus.at\/content\/uploads\/weihnachtsmarkt-salzburg-mit-traditionellen-staenden-1536x1025.jpg 1536w, https:\/\/www.hotelamadeus.at\/content\/uploads\/weihnachtsmarkt-salzburg-mit-traditionellen-staenden-2048x1366.jpg 2048w\" sizes=\"(max-width: 2560px) 100vw, 2560px\" \/>\t\t\t\t\t\t\t\t\t\t\t\t\t\t\t<\/div>\n\t\t\t\t<\/div>\n\t\t\t\t<div class=\"elementor-element elementor-element-50e81f1 font-size-2xl mb-0 mb-1 elementor-widget elementor-widget-theme-post-title elementor-page-title elementor-widget-heading\" data-id=\"50e81f1\" data-element_type=\"widget\" data-widget_type=\"theme-post-title.default\">\n\t\t\t\t<div class=\"elementor-widget-container\">\n\t\t\t\t\t<h2 class=\"elementor-heading-title elementor-size-default\">Mercatini di Natale di Salisburgo<\/h2>\t\t\t\t<\/div>\n\t\t\t\t<\/div>\n\t\t\t\t<div class=\"elementor-element elementor-element-2bd499a font-size-base elementor-widget elementor-widget-heading\" data-id=\"2bd499a\" data-element_type=\"widget\" data-widget_type=\"heading.default\">\n\t\t\t\t<div class=\"elementor-widget-container\">\n\t\t\t\t\t<p class=\"elementor-heading-title elementor-size-default\">Strade addobbate, profumo di biscotti e magari anche neve \u2013 Salisburgo \u00e8 la cornice natalizia perfetta.<\/p>\t\t\t\t<\/div>\n\t\t\t\t<\/div>\n\t\t\t\t\t<\/div>\n\t\t\t\t<\/a>\n\t\t\t\t<\/div>\n\t\t\t\t<div data-elementor-type=\"loop-item\" data-elementor-id=\"1782\" class=\"elementor elementor-1782 elementor-1114 elementor-1114 e-loop-item e-loop-item-2552 post-2552 sehenswertes type-sehenswertes status-publish has-post-thumbnail hentry sightseeing-category-esperienze\" data-elementor-post-type=\"elementor_library\" data-custom-edit-handle=\"1\">\n\t\t\t<a class=\"elementor-element elementor-element-2f508d2 e-flex e-con-boxed e-con e-parent\" data-id=\"2f508d2\" data-element_type=\"container\" href=\"https:\/\/www.hotelamadeus.at\/it\/luoghi-di-interesse\/natale-a-salisburgo\/\">\n\t\t\t\t\t<div class=\"e-con-inner\">\n\t\t\t\t<div class=\"elementor-element elementor-element-aae553e ratio-11 mb-3 elementor-widget elementor-widget-theme-post-featured-image elementor-widget-image\" data-id=\"aae553e\" data-element_type=\"widget\" data-widget_type=\"theme-post-featured-image.default\">\n\t\t\t\t<div class=\"elementor-widget-container\">\n\t\t\t\t\t\t\t\t\t\t\t\t\t\t\t<img loading=\"lazy\" decoding=\"async\" width=\"2560\" height=\"1706\" src=\"https:\/\/www.hotelamadeus.at\/content\/uploads\/christbaum-zu-weihnachten-in-salzburg.jpg\" class=\"attachment-full size-full wp-image-2996\" alt=\"Albero di Natale nel Salisburghese innevato con sfondo alpino invernale.\" srcset=\"https:\/\/www.hotelamadeus.at\/content\/uploads\/christbaum-zu-weihnachten-in-salzburg.jpg 2560w, https:\/\/www.hotelamadeus.at\/content\/uploads\/christbaum-zu-weihnachten-in-salzburg-300x200.jpg 300w, https:\/\/www.hotelamadeus.at\/content\/uploads\/christbaum-zu-weihnachten-in-salzburg-1024x682.jpg 1024w, https:\/\/www.hotelamadeus.at\/content\/uploads\/christbaum-zu-weihnachten-in-salzburg-768x512.jpg 768w, https:\/\/www.hotelamadeus.at\/content\/uploads\/christbaum-zu-weihnachten-in-salzburg-1536x1024.jpg 1536w, https:\/\/www.hotelamadeus.at\/content\/uploads\/christbaum-zu-weihnachten-in-salzburg-2048x1365.jpg 2048w\" sizes=\"(max-width: 2560px) 100vw, 2560px\" \/>\t\t\t\t\t\t\t\t\t\t\t\t\t\t\t<\/div>\n\t\t\t\t<\/div>\n\t\t\t\t<div class=\"elementor-element elementor-element-50e81f1 font-size-2xl mb-0 mb-1 elementor-widget elementor-widget-theme-post-title elementor-page-title elementor-widget-heading\" data-id=\"50e81f1\" data-element_type=\"widget\" data-widget_type=\"theme-post-title.default\">\n\t\t\t\t<div class=\"elementor-widget-container\">\n\t\t\t\t\t<h2 class=\"elementor-heading-title elementor-size-default\">Natale a Salisburgo<\/h2>\t\t\t\t<\/div>\n\t\t\t\t<\/div>\n\t\t\t\t<div class=\"elementor-element elementor-element-2bd499a font-size-base elementor-widget elementor-widget-heading\" data-id=\"2bd499a\" data-element_type=\"widget\" data-widget_type=\"heading.default\">\n\t\t\t\t<div class=\"elementor-widget-container\">\n\t\t\t\t\t<p class=\"elementor-heading-title elementor-size-default\">Strade addobbate, profumo di biscotti e magari anche neve \u2013 Salisburgo \u00e8 la cornice natalizia perfetta.<\/p>\t\t\t\t<\/div>\n\t\t\t\t<\/div>\n\t\t\t\t\t<\/div>\n\t\t\t\t<\/a>\n\t\t\t\t<\/div>\n\t\t\t\t<div data-elementor-type=\"loop-item\" data-elementor-id=\"1782\" class=\"elementor elementor-1782 elementor-1114 elementor-1114 e-loop-item e-loop-item-2549 post-2549 sehenswertes type-sehenswertes status-publish has-post-thumbnail hentry sightseeing-category-cultura\" data-elementor-post-type=\"elementor_library\" data-custom-edit-handle=\"1\">\n\t\t\t<a class=\"elementor-element elementor-element-2f508d2 e-flex e-con-boxed e-con e-parent\" data-id=\"2f508d2\" data-element_type=\"container\" href=\"https:\/\/www.hotelamadeus.at\/it\/luoghi-di-interesse\/jazz-the-city\/\">\n\t\t\t\t\t<div class=\"e-con-inner\">\n\t\t\t\t<div class=\"elementor-element elementor-element-aae553e ratio-11 mb-3 elementor-widget elementor-widget-theme-post-featured-image elementor-widget-image\" data-id=\"aae553e\" data-element_type=\"widget\" data-widget_type=\"theme-post-featured-image.default\">\n\t\t\t\t<div class=\"elementor-widget-container\">\n\t\t\t\t\t\t\t\t\t\t\t\t\t\t\t<img loading=\"lazy\" decoding=\"async\" width=\"1275\" height=\"850\" src=\"https:\/\/www.hotelamadeus.at\/content\/uploads\/Jazz-and-the-City-in-salzburg.webp\" class=\"attachment-full size-full wp-image-3040\" alt=\"Concerto sul M\u00f6nchsberg durante il Jazz &amp; The City a Salisburgo \u2013 musica con vista panoramica.\" srcset=\"https:\/\/www.hotelamadeus.at\/content\/uploads\/Jazz-and-the-City-in-salzburg.webp 1275w, https:\/\/www.hotelamadeus.at\/content\/uploads\/Jazz-and-the-City-in-salzburg-300x200.webp 300w, https:\/\/www.hotelamadeus.at\/content\/uploads\/Jazz-and-the-City-in-salzburg-1024x683.webp 1024w, https:\/\/www.hotelamadeus.at\/content\/uploads\/Jazz-and-the-City-in-salzburg-768x512.webp 768w\" sizes=\"(max-width: 1275px) 100vw, 1275px\" \/>\t\t\t\t\t\t\t\t\t\t\t\t\t\t\t<\/div>\n\t\t\t\t<\/div>\n\t\t\t\t<div class=\"elementor-element elementor-element-50e81f1 font-size-2xl mb-0 mb-1 elementor-widget elementor-widget-theme-post-title elementor-page-title elementor-widget-heading\" data-id=\"50e81f1\" data-element_type=\"widget\" data-widget_type=\"theme-post-title.default\">\n\t\t\t\t<div class=\"elementor-widget-container\">\n\t\t\t\t\t<h2 class=\"elementor-heading-title elementor-size-default\">Jazz &amp; The City<\/h2>\t\t\t\t<\/div>\n\t\t\t\t<\/div>\n\t\t\t\t<div class=\"elementor-element elementor-element-2bd499a font-size-base elementor-widget elementor-widget-heading\" data-id=\"2bd499a\" data-element_type=\"widget\" data-widget_type=\"heading.default\">\n\t\t\t\t<div class=\"elementor-widget-container\">\n\t\t\t\t\t<p class=\"elementor-heading-title elementor-size-default\">Jazz &amp; The City trasforma il centro storico di Salisburgo in un palcoscenico musicale \u2013 gratis!<\/p>\t\t\t\t<\/div>\n\t\t\t\t<\/div>\n\t\t\t\t\t<\/div>\n\t\t\t\t<\/a>\n\t\t\t\t<\/div>\n\t\t\t\t<div data-elementor-type=\"loop-item\" data-elementor-id=\"1782\" class=\"elementor elementor-1782 elementor-1114 elementor-1114 e-loop-item e-loop-item-2532 post-2532 sehenswertes type-sehenswertes status-publish has-post-thumbnail hentry sightseeing-category-cultura\" data-elementor-post-type=\"elementor_library\" data-custom-edit-handle=\"1\">\n\t\t\t<a class=\"elementor-element elementor-element-2f508d2 e-flex e-con-boxed e-con e-parent\" data-id=\"2f508d2\" data-element_type=\"container\" href=\"https:\/\/www.hotelamadeus.at\/it\/luoghi-di-interesse\/salzburger-nockerl-il-dessert-piu-famoso-di-salisburgo\/\">\n\t\t\t\t\t<div class=\"e-con-inner\">\n\t\t\t\t<div class=\"elementor-element elementor-element-aae553e ratio-11 mb-3 elementor-widget elementor-widget-theme-post-featured-image elementor-widget-image\" data-id=\"aae553e\" data-element_type=\"widget\" data-widget_type=\"theme-post-featured-image.default\">\n\t\t\t\t<div class=\"elementor-widget-container\">\n\t\t\t\t\t\t\t\t\t\t\t\t\t\t\t<img loading=\"lazy\" decoding=\"async\" width=\"2560\" height=\"1707\" src=\"https:\/\/www.hotelamadeus.at\/content\/uploads\/salzburger-nocker-gasthof-goldgasse.jpg\" class=\"attachment-full size-full wp-image-2190\" alt=\"Tradizionali Salzburger Nockerl, serviti nel suggestivo Gasthof Goldgasse.\" srcset=\"https:\/\/www.hotelamadeus.at\/content\/uploads\/salzburger-nocker-gasthof-goldgasse.jpg 2560w, https:\/\/www.hotelamadeus.at\/content\/uploads\/salzburger-nocker-gasthof-goldgasse-300x200.jpg 300w, https:\/\/www.hotelamadeus.at\/content\/uploads\/salzburger-nocker-gasthof-goldgasse-1024x683.jpg 1024w, https:\/\/www.hotelamadeus.at\/content\/uploads\/salzburger-nocker-gasthof-goldgasse-768x512.jpg 768w, https:\/\/www.hotelamadeus.at\/content\/uploads\/salzburger-nocker-gasthof-goldgasse-1536x1024.jpg 1536w, https:\/\/www.hotelamadeus.at\/content\/uploads\/salzburger-nocker-gasthof-goldgasse-2048x1366.jpg 2048w\" sizes=\"(max-width: 2560px) 100vw, 2560px\" \/>\t\t\t\t\t\t\t\t\t\t\t\t\t\t\t<\/div>\n\t\t\t\t<\/div>\n\t\t\t\t<div class=\"elementor-element elementor-element-50e81f1 font-size-2xl mb-0 mb-1 elementor-widget elementor-widget-theme-post-title elementor-page-title elementor-widget-heading\" data-id=\"50e81f1\" data-element_type=\"widget\" data-widget_type=\"theme-post-title.default\">\n\t\t\t\t<div class=\"elementor-widget-container\">\n\t\t\t\t\t<h2 class=\"elementor-heading-title elementor-size-default\">Salzburger Nockerl \u2013 Il dessert pi\u00f9 famoso di Salisburgo<\/h2>\t\t\t\t<\/div>\n\t\t\t\t<\/div>\n\t\t\t\t<div class=\"elementor-element elementor-element-2bd499a font-size-base elementor-widget elementor-widget-heading\" data-id=\"2bd499a\" data-element_type=\"widget\" data-widget_type=\"heading.default\">\n\t\t\t\t<div class=\"elementor-widget-container\">\n\t\t\t\t\t<p class=\"elementor-heading-title elementor-size-default\">Dorati all'esterno, soffici e cremosi all'interno: i famosi Nockerl del Salisburghese sono un must per tutti i buongustai.<\/p>\t\t\t\t<\/div>\n\t\t\t\t<\/div>\n\t\t\t\t\t<\/div>\n\t\t\t\t<\/a>\n\t\t\t\t<\/div>\n\t\t\t\t<div data-elementor-type=\"loop-item\" data-elementor-id=\"1782\" class=\"elementor elementor-1782 elementor-1114 elementor-1114 e-loop-item e-loop-item-2434 post-2434 sehenswertes type-sehenswertes status-publish has-post-thumbnail hentry sightseeing-category-cultura sightseeing-category-destinazioni\" data-elementor-post-type=\"elementor_library\" data-custom-edit-handle=\"1\">\n\t\t\t<a class=\"elementor-element elementor-element-2f508d2 e-flex e-con-boxed e-con e-parent\" data-id=\"2f508d2\" data-element_type=\"container\" href=\"https:\/\/www.hotelamadeus.at\/it\/luoghi-di-interesse\/il-tour-originale-di-sound-of-music\/\">\n\t\t\t\t\t<div class=\"e-con-inner\">\n\t\t\t\t<div class=\"elementor-element elementor-element-aae553e ratio-11 mb-3 elementor-widget elementor-widget-theme-post-featured-image elementor-widget-image\" data-id=\"aae553e\" data-element_type=\"widget\" data-widget_type=\"theme-post-featured-image.default\">\n\t\t\t\t<div class=\"elementor-widget-container\">\n\t\t\t\t\t\t\t\t\t\t\t\t\t\t\t<img loading=\"lazy\" decoding=\"async\" width=\"2560\" height=\"1708\" src=\"https:\/\/www.hotelamadeus.at\/content\/uploads\/sound-of-music-location-schloss-mirabell.jpg\" class=\"attachment-full size-full wp-image-2487\" alt=\"Giardini Mirabell a Salisburgo con vista sulla scalinata di Sound of Music e aiuole fiorite.\" srcset=\"https:\/\/www.hotelamadeus.at\/content\/uploads\/sound-of-music-location-schloss-mirabell.jpg 2560w, https:\/\/www.hotelamadeus.at\/content\/uploads\/sound-of-music-location-schloss-mirabell-300x200.jpg 300w, https:\/\/www.hotelamadeus.at\/content\/uploads\/sound-of-music-location-schloss-mirabell-1024x683.jpg 1024w, https:\/\/www.hotelamadeus.at\/content\/uploads\/sound-of-music-location-schloss-mirabell-768x512.jpg 768w, https:\/\/www.hotelamadeus.at\/content\/uploads\/sound-of-music-location-schloss-mirabell-1536x1025.jpg 1536w, https:\/\/www.hotelamadeus.at\/content\/uploads\/sound-of-music-location-schloss-mirabell-2048x1366.jpg 2048w\" sizes=\"(max-width: 2560px) 100vw, 2560px\" \/>\t\t\t\t\t\t\t\t\t\t\t\t\t\t\t<\/div>\n\t\t\t\t<\/div>\n\t\t\t\t<div class=\"elementor-element elementor-element-50e81f1 font-size-2xl mb-0 mb-1 elementor-widget elementor-widget-theme-post-title elementor-page-title elementor-widget-heading\" data-id=\"50e81f1\" data-element_type=\"widget\" data-widget_type=\"theme-post-title.default\">\n\t\t\t\t<div class=\"elementor-widget-container\">\n\t\t\t\t\t<h2 class=\"elementor-heading-title elementor-size-default\">Il Tour Originale di Sound of Music<\/h2>\t\t\t\t<\/div>\n\t\t\t\t<\/div>\n\t\t\t\t<div class=\"elementor-element elementor-element-2bd499a font-size-base elementor-widget elementor-widget-heading\" data-id=\"2bd499a\" data-element_type=\"widget\" data-widget_type=\"heading.default\">\n\t\t\t\t<div class=\"elementor-widget-container\">\n\t\t\t\t\t<p class=\"elementor-heading-title elementor-size-default\">Segui le orme della famiglia Trapp e visita i luoghi originali delle riprese di The Sound of Music.<\/p>\t\t\t\t<\/div>\n\t\t\t\t<\/div>\n\t\t\t\t\t<\/div>\n\t\t\t\t<\/a>\n\t\t\t\t<\/div>\n\t\t\t\t<div data-elementor-type=\"loop-item\" data-elementor-id=\"1782\" class=\"elementor elementor-1782 elementor-1114 elementor-1114 e-loop-item e-loop-item-2420 post-2420 sehenswertes type-sehenswertes status-publish has-post-thumbnail hentry sightseeing-category-visite-turistiche\" data-elementor-post-type=\"elementor_library\" data-custom-edit-handle=\"1\">\n\t\t\t<a class=\"elementor-element elementor-element-2f508d2 e-flex e-con-boxed e-con e-parent\" data-id=\"2f508d2\" data-element_type=\"container\" href=\"https:\/\/www.hotelamadeus.at\/it\/luoghi-di-interesse\/getreidegasse-nel-cuore-di-salisburgo\/\">\n\t\t\t\t\t<div class=\"e-con-inner\">\n\t\t\t\t<div class=\"elementor-element elementor-element-aae553e ratio-11 mb-3 elementor-widget elementor-widget-theme-post-featured-image elementor-widget-image\" data-id=\"aae553e\" data-element_type=\"widget\" data-widget_type=\"theme-post-featured-image.default\">\n\t\t\t\t<div class=\"elementor-widget-container\">\n\t\t\t\t\t\t\t\t\t\t\t\t\t\t\t<img loading=\"lazy\" decoding=\"async\" width=\"2560\" height=\"1708\" src=\"https:\/\/www.hotelamadeus.at\/content\/uploads\/getreidegasse-salzburg-mit-zahlreichen-geschaeften.jpg\" class=\"attachment-full size-full wp-image-2496\" alt=\"Getreidegasse a Salisburgo, con numerosi negozi e le tradizionali insegne delle corporazioni sulle facciate delle case.\" srcset=\"https:\/\/www.hotelamadeus.at\/content\/uploads\/getreidegasse-salzburg-mit-zahlreichen-geschaeften.jpg 2560w, https:\/\/www.hotelamadeus.at\/content\/uploads\/getreidegasse-salzburg-mit-zahlreichen-geschaeften-300x200.jpg 300w, https:\/\/www.hotelamadeus.at\/content\/uploads\/getreidegasse-salzburg-mit-zahlreichen-geschaeften-1024x683.jpg 1024w, https:\/\/www.hotelamadeus.at\/content\/uploads\/getreidegasse-salzburg-mit-zahlreichen-geschaeften-768x512.jpg 768w, https:\/\/www.hotelamadeus.at\/content\/uploads\/getreidegasse-salzburg-mit-zahlreichen-geschaeften-1536x1025.jpg 1536w, https:\/\/www.hotelamadeus.at\/content\/uploads\/getreidegasse-salzburg-mit-zahlreichen-geschaeften-2048x1366.jpg 2048w\" sizes=\"(max-width: 2560px) 100vw, 2560px\" \/>\t\t\t\t\t\t\t\t\t\t\t\t\t\t\t<\/div>\n\t\t\t\t<\/div>\n\t\t\t\t<div class=\"elementor-element elementor-element-50e81f1 font-size-2xl mb-0 mb-1 elementor-widget elementor-widget-theme-post-title elementor-page-title elementor-widget-heading\" data-id=\"50e81f1\" data-element_type=\"widget\" data-widget_type=\"theme-post-title.default\">\n\t\t\t\t<div class=\"elementor-widget-container\">\n\t\t\t\t\t<h2 class=\"elementor-heading-title elementor-size-default\">Getreidegasse nel Cuore di Salisburgo<br><br><\/h2>\t\t\t\t<\/div>\n\t\t\t\t<\/div>\n\t\t\t\t<div class=\"elementor-element elementor-element-2bd499a font-size-base elementor-widget elementor-widget-heading\" data-id=\"2bd499a\" data-element_type=\"widget\" data-widget_type=\"heading.default\">\n\t\t\t\t<div class=\"elementor-widget-container\">\n\t\t\t\t\t<p class=\"elementor-heading-title elementor-size-default\">La Getreidegasse \u00e8 il fulcro del centro storico di Salisburgo. Case storiche, insegne ornate delle corporazioni e passaggi nascosti ne fanno un'esperienza unica.  <\/p>\t\t\t\t<\/div>\n\t\t\t\t<\/div>\n\t\t\t\t\t<\/div>\n\t\t\t\t<\/a>\n\t\t\t\t<\/div>\n\t\t\t\t<div data-elementor-type=\"loop-item\" data-elementor-id=\"1782\" class=\"elementor elementor-1782 elementor-1114 elementor-1114 e-loop-item e-loop-item-2426 post-2426 sehenswertes type-sehenswertes status-publish has-post-thumbnail hentry sightseeing-category-cultura sightseeing-category-visite-turistiche\" data-elementor-post-type=\"elementor_library\" data-custom-edit-handle=\"1\">\n\t\t\t<a class=\"elementor-element elementor-element-2f508d2 e-flex e-con-boxed e-con e-parent\" data-id=\"2f508d2\" data-element_type=\"container\" href=\"https:\/\/www.hotelamadeus.at\/it\/luoghi-di-interesse\/il-centro-storico-di-salisburgo-attrazioni-consigli\/\">\n\t\t\t\t\t<div class=\"e-con-inner\">\n\t\t\t\t<div class=\"elementor-element elementor-element-aae553e ratio-11 mb-3 elementor-widget elementor-widget-theme-post-featured-image elementor-widget-image\" data-id=\"aae553e\" data-element_type=\"widget\" data-widget_type=\"theme-post-featured-image.default\">\n\t\t\t\t<div class=\"elementor-widget-container\">\n\t\t\t\t\t\t\t\t\t\t\t\t\t\t\t<img loading=\"lazy\" decoding=\"async\" width=\"2560\" height=\"1600\" src=\"https:\/\/www.hotelamadeus.at\/content\/uploads\/blick-auf-festung-salzburg.jpg\" class=\"attachment-full size-full wp-image-2481\" alt=\"Vista panoramica della Fortezza di Hohensalzburg, che svetta maestosa sul centro storico di Salisburgo.\" srcset=\"https:\/\/www.hotelamadeus.at\/content\/uploads\/blick-auf-festung-salzburg.jpg 2560w, https:\/\/www.hotelamadeus.at\/content\/uploads\/blick-auf-festung-salzburg-300x188.jpg 300w, https:\/\/www.hotelamadeus.at\/content\/uploads\/blick-auf-festung-salzburg-1024x640.jpg 1024w, https:\/\/www.hotelamadeus.at\/content\/uploads\/blick-auf-festung-salzburg-768x480.jpg 768w, https:\/\/www.hotelamadeus.at\/content\/uploads\/blick-auf-festung-salzburg-1536x960.jpg 1536w, https:\/\/www.hotelamadeus.at\/content\/uploads\/blick-auf-festung-salzburg-2048x1280.jpg 2048w\" sizes=\"(max-width: 2560px) 100vw, 2560px\" \/>\t\t\t\t\t\t\t\t\t\t\t\t\t\t\t<\/div>\n\t\t\t\t<\/div>\n\t\t\t\t<div class=\"elementor-element elementor-element-50e81f1 font-size-2xl mb-0 mb-1 elementor-widget elementor-widget-theme-post-title elementor-page-title elementor-widget-heading\" data-id=\"50e81f1\" data-element_type=\"widget\" data-widget_type=\"theme-post-title.default\">\n\t\t\t\t<div class=\"elementor-widget-container\">\n\t\t\t\t\t<h2 class=\"elementor-heading-title elementor-size-default\">Il centro storico di Salisburgo: Attrazioni &amp; Consigli<\/h2>\t\t\t\t<\/div>\n\t\t\t\t<\/div>\n\t\t\t\t<div class=\"elementor-element elementor-element-2bd499a font-size-base elementor-widget elementor-widget-heading\" data-id=\"2bd499a\" data-element_type=\"widget\" data-widget_type=\"heading.default\">\n\t\t\t\t<div class=\"elementor-widget-container\">\n\t\t\t\t\t<p class=\"elementor-heading-title elementor-size-default\">Dall'Hotel Amadeus potrete esplorare la Getreidegasse, il DomQuartier o il Palazzo Mirabell in pochi minuti a piedi. <\/p>\t\t\t\t<\/div>\n\t\t\t\t<\/div>\n\t\t\t\t\t<\/div>\n\t\t\t\t<\/a>\n\t\t\t\t<\/div>\n\t\t\t\t<div data-elementor-type=\"loop-item\" data-elementor-id=\"1782\" class=\"elementor elementor-1782 elementor-1114 elementor-1114 e-loop-item e-loop-item-2533 post-2533 sehenswertes type-sehenswertes status-publish has-post-thumbnail hentry sightseeing-category-cultura sightseeing-category-destinazioni sightseeing-category-esperienze sightseeing-category-sport-it-2 sightseeing-category-visite-turistiche\" data-elementor-post-type=\"elementor_library\" data-custom-edit-handle=\"1\">\n\t\t\t<a class=\"elementor-element elementor-element-2f508d2 e-flex e-con-boxed e-con e-parent\" data-id=\"2f508d2\" data-element_type=\"container\" href=\"https:\/\/www.hotelamadeus.at\/it\/luoghi-di-interesse\/vacanze-in-famiglia-a-salisburgo\/\">\n\t\t\t\t\t<div class=\"e-con-inner\">\n\t\t\t\t<div class=\"elementor-element elementor-element-aae553e ratio-11 mb-3 elementor-widget elementor-widget-theme-post-featured-image elementor-widget-image\" data-id=\"aae553e\" data-element_type=\"widget\" data-widget_type=\"theme-post-featured-image.default\">\n\t\t\t\t<div class=\"elementor-widget-container\">\n\t\t\t\t\t\t\t\t\t\t\t\t\t\t\t<img loading=\"lazy\" decoding=\"async\" width=\"1706\" height=\"2560\" src=\"https:\/\/www.hotelamadeus.at\/content\/uploads\/gluecklicher-familien-urlaub-in-salzburg.jpg\" class=\"attachment-full size-full wp-image-2505\" alt=\"Una famiglia felice davanti al Castello di Hellbrunn a Salisburgo con il sole.\" srcset=\"https:\/\/www.hotelamadeus.at\/content\/uploads\/gluecklicher-familien-urlaub-in-salzburg.jpg 1706w, https:\/\/www.hotelamadeus.at\/content\/uploads\/gluecklicher-familien-urlaub-in-salzburg-200x300.jpg 200w, https:\/\/www.hotelamadeus.at\/content\/uploads\/gluecklicher-familien-urlaub-in-salzburg-682x1024.jpg 682w, https:\/\/www.hotelamadeus.at\/content\/uploads\/gluecklicher-familien-urlaub-in-salzburg-768x1152.jpg 768w, https:\/\/www.hotelamadeus.at\/content\/uploads\/gluecklicher-familien-urlaub-in-salzburg-1024x1536.jpg 1024w, https:\/\/www.hotelamadeus.at\/content\/uploads\/gluecklicher-familien-urlaub-in-salzburg-1365x2048.jpg 1365w\" sizes=\"(max-width: 1706px) 100vw, 1706px\" \/>\t\t\t\t\t\t\t\t\t\t\t\t\t\t\t<\/div>\n\t\t\t\t<\/div>\n\t\t\t\t<div class=\"elementor-element elementor-element-50e81f1 font-size-2xl mb-0 mb-1 elementor-widget elementor-widget-theme-post-title elementor-page-title elementor-widget-heading\" data-id=\"50e81f1\" data-element_type=\"widget\" data-widget_type=\"theme-post-title.default\">\n\t\t\t\t<div class=\"elementor-widget-container\">\n\t\t\t\t\t<h2 class=\"elementor-heading-title elementor-size-default\">Vacanze in famiglia a Salisburgo<\/h2>\t\t\t\t<\/div>\n\t\t\t\t<\/div>\n\t\t\t\t<div class=\"elementor-element elementor-element-2bd499a font-size-base elementor-widget elementor-widget-heading\" data-id=\"2bd499a\" data-element_type=\"widget\" data-widget_type=\"heading.default\">\n\t\t\t\t<div class=\"elementor-widget-container\">\n\t\t\t\t\t<p class=\"elementor-heading-title elementor-size-default\">Chi ha detto che una vacanza in citt\u00e0 \u00e8 solo per coppie, viaggiatori solitari o gruppi? Alcune citt\u00e0 \u2013 e Salisburgo \u00e8 sicuramente una di queste \u2013 sono perfette per una vacanza in famiglia. <\/p>\t\t\t\t<\/div>\n\t\t\t\t<\/div>\n\t\t\t\t\t<\/div>\n\t\t\t\t<\/a>\n\t\t\t\t<\/div>\n\t\t\t\t<\/div>\n\t\t\n\t\t\t\t\t\t<\/div>\n\t\t\t\t<\/div>\n\t\t\t\t<\/div>\n\t\t<div class=\"elementor-element elementor-element-4cae905 e-con-full content-grid e-flex e-con e-child\" data-id=\"4cae905\" data-element_type=\"container\">\n\t\t\t\t<div class=\"elementor-element elementor-element-083704a divider elementor-widget-divider--view-line elementor-widget elementor-widget-divider\" data-id=\"083704a\" data-element_type=\"widget\" data-widget_type=\"divider.default\">\n\t\t\t\t<div class=\"elementor-widget-container\">\n\t\t\t\t\t\t\t<div class=\"elementor-divider\">\n\t\t\t<span class=\"elementor-divider-separator\">\n\t\t\t\t\t\t<\/span>\n\t\t<\/div>\n\t\t\t\t\t\t<\/div>\n\t\t\t\t<\/div>\n\t\t\t\t<\/div>\n\t\t<div class=\"elementor-element elementor-element-4ea5c82 e-con-full content-grid gap-y-4 e-flex e-con e-child\" data-id=\"4ea5c82\" data-element_type=\"container\">\n\t\t<div class=\"elementor-element elementor-element-a1d0ad7 e-con-full grid-heading-text e-flex e-con e-child\" data-id=\"a1d0ad7\" data-element_type=\"container\" data-aos=\"fade-right\">\n\t\t\t\t<div class=\"elementor-element elementor-element-3729bdb font-size-2xl mb-0 mb-2 elementor-widget elementor-widget-heading\" data-id=\"3729bdb\" data-element_type=\"widget\" data-widget_type=\"heading.default\">\n\t\t\t\t<div class=\"elementor-widget-container\">\n\t\t\t\t\t<h3 class=\"elementor-heading-title elementor-size-default\">Citt\u00e0 e campagna al meglio<\/h3>\t\t\t\t<\/div>\n\t\t\t\t<\/div>\n\t\t\t\t<div class=\"elementor-element elementor-element-b339364 font-size-base elementor-widget elementor-widget-text-editor\" data-id=\"b339364\" data-element_type=\"widget\" data-widget_type=\"text-editor.default\">\n\t\t\t\t<div class=\"elementor-widget-container\">\n\t\t\t\t\t\t\t\t\t<p>Dalla vivace Getreidegasse al mare di cupole e torri, fino alle bizzarre scogliere e ai tranquilli villaggi che circondano la citt\u00e0 di Mozart. Il fascino di un paesaggio di incomparabile bellezza con numerosi laghi, la magia di castelli dall&#8217;architettura museale e lo sfondo storico di grandi eventi culturali. Salisburgo \u00e8 unica ed \u00e8 stata persino scelta da Lonely Planet come destinazione numero 1 per le vacanze in citt\u00e0 nel 2020. E non \u00e8 un caso che Carl Zuckmayer abbia ipotizzato il paradiso proprio qui&#8230;   <\/p>\t\t\t\t\t\t\t\t<\/div>\n\t\t\t\t<\/div>\n\t\t\t\t<\/div>\n\t\t\t\t<div class=\"elementor-element elementor-element-be551a7 grid-text accordion elementor-widget elementor-widget-n-accordion\" data-id=\"be551a7\" data-element_type=\"widget\" data-settings=\"{&quot;default_state&quot;:&quot;all_collapsed&quot;,&quot;max_items_expended&quot;:&quot;one&quot;,&quot;n_accordion_animation_duration&quot;:{&quot;unit&quot;:&quot;ms&quot;,&quot;size&quot;:400,&quot;sizes&quot;:[]}}\" data-aos=\"fade-left\" data-aos-delay=\"300\" data-widget_type=\"nested-accordion.default\">\n\t\t\t\t<div class=\"elementor-widget-container\">\n\t\t\t\t\t\t\t<div class=\"e-n-accordion\" aria-label=\"Accordion. Open links with Enter or Space, close with Escape, and navigate with Arrow Keys\">\n\t\t\t\t\t\t<details id=\"e-n-accordion-item-1990\" class=\"e-n-accordion-item\" >\n\t\t\t\t<summary class=\"e-n-accordion-item-title\" data-accordion-index=\"1\" tabindex=\"0\" aria-expanded=\"false\" aria-controls=\"e-n-accordion-item-1990\" >\n\t\t\t\t\t<span class='e-n-accordion-item-title-header'><div class=\"e-n-accordion-item-title-text\"> Consigli e idee per il vostro soggiorno in citt\u00e0 <\/div><\/span>\n\t\t\t\t\t\t\t<span class='e-n-accordion-item-title-icon'>\n\t\t\t<span class='e-opened' ><svg xmlns=\"http:\/\/www.w3.org\/2000\/svg\" width=\"24\" height=\"24\" viewBox=\"0 0 24 24\" fill=\"none\" stroke=\"currentColor\" stroke-width=\"2\" stroke-linecap=\"round\" stroke-linejoin=\"round\" class=\"lucide lucide-minus\"><path d=\"M5 12h14\"><\/path><\/svg><\/span>\n\t\t\t<span class='e-closed'><svg xmlns=\"http:\/\/www.w3.org\/2000\/svg\" width=\"24\" height=\"24\" viewBox=\"0 0 24 24\" fill=\"none\" stroke=\"currentColor\" stroke-width=\"2\" stroke-linecap=\"round\" stroke-linejoin=\"round\" class=\"lucide lucide-plus\"><path d=\"M5 12h14\"><\/path><path d=\"M12 5v14\"><\/path><\/svg><\/span>\n\t\t<\/span>\n\n\t\t\t\t\t\t<\/summary>\n\t\t\t\t<div role=\"region\" aria-labelledby=\"e-n-accordion-item-1990\" class=\"elementor-element elementor-element-06155e1 e-con-full e-flex e-con e-child\" data-id=\"06155e1\" data-element_type=\"container\">\n\t\t\t\t<div class=\"elementor-element elementor-element-8b60846 elementor-widget elementor-widget-text-editor\" data-id=\"8b60846\" data-element_type=\"widget\" data-widget_type=\"text-editor.default\">\n\t\t\t\t<div class=\"elementor-widget-container\">\n\t\t\t\t\t\t\t\t\t<p>State trascorrendo un weekend in citt\u00e0 o volete vivere Salisburgo con i vostri bambini? Qui troverete consigli e idee per un viaggio indimenticabile nella citt\u00e0 di Mozart. <\/p>\t\t\t\t\t\t\t\t<\/div>\n\t\t\t\t<\/div>\n\t\t\t\t<\/div>\n\t\t\t\t\t<\/details>\n\t\t\t\t\t\t<details id=\"e-n-accordion-item-1991\" class=\"e-n-accordion-item\" >\n\t\t\t\t<summary class=\"e-n-accordion-item-title\" data-accordion-index=\"2\" tabindex=\"-1\" aria-expanded=\"false\" aria-controls=\"e-n-accordion-item-1991\" >\n\t\t\t\t\t<span class='e-n-accordion-item-title-header'><div class=\"e-n-accordion-item-title-text\"> Attivit\u00e0 e attrazioni a Salisburgo <\/div><\/span>\n\t\t\t\t\t\t\t<span class='e-n-accordion-item-title-icon'>\n\t\t\t<span class='e-opened' ><svg xmlns=\"http:\/\/www.w3.org\/2000\/svg\" width=\"24\" height=\"24\" viewBox=\"0 0 24 24\" fill=\"none\" stroke=\"currentColor\" stroke-width=\"2\" stroke-linecap=\"round\" stroke-linejoin=\"round\" class=\"lucide lucide-minus\"><path d=\"M5 12h14\"><\/path><\/svg><\/span>\n\t\t\t<span class='e-closed'><svg xmlns=\"http:\/\/www.w3.org\/2000\/svg\" width=\"24\" height=\"24\" viewBox=\"0 0 24 24\" fill=\"none\" stroke=\"currentColor\" stroke-width=\"2\" stroke-linecap=\"round\" stroke-linejoin=\"round\" class=\"lucide lucide-plus\"><path d=\"M5 12h14\"><\/path><path d=\"M12 5v14\"><\/path><\/svg><\/span>\n\t\t<\/span>\n\n\t\t\t\t\t\t<\/summary>\n\t\t\t\t<div role=\"region\" aria-labelledby=\"e-n-accordion-item-1991\" class=\"elementor-element elementor-element-e1179ed e-con-full e-flex e-con e-child\" data-id=\"e1179ed\" data-element_type=\"container\">\n\t\t\t\t<div class=\"elementor-element elementor-element-f9582d2 elementor-widget elementor-widget-text-editor\" data-id=\"f9582d2\" data-element_type=\"widget\" data-widget_type=\"text-editor.default\">\n\t\t\t\t<div class=\"elementor-widget-container\">\n\t\t\t\t\t\t\t\t\t<p>La citt\u00e0 di Salisburgo \u00e8 il punto di partenza ideale per un soggiorno interessante e ricco di eventi nel cuore dell&#8217;Austria. Gli affascinanti dintorni della citt\u00e0 di Salisburgo, con i suoi incantevoli paesaggi montani, fluviali e lacustri, offrono una combinazione unica di attivit\u00e0 e mete escursionistiche. <\/p>\t\t\t\t\t\t\t\t<\/div>\n\t\t\t\t<\/div>\n\t\t\t\t<\/div>\n\t\t\t\t\t<\/details>\n\t\t\t\t\t\t<details id=\"e-n-accordion-item-1992\" class=\"e-n-accordion-item\" >\n\t\t\t\t<summary class=\"e-n-accordion-item-title\" data-accordion-index=\"3\" tabindex=\"-1\" aria-expanded=\"false\" aria-controls=\"e-n-accordion-item-1992\" >\n\t\t\t\t\t<span class='e-n-accordion-item-title-header'><div class=\"e-n-accordion-item-title-text\"> Consigli per un breve viaggio nella citt\u00e0 di Mozart <\/div><\/span>\n\t\t\t\t\t\t\t<span class='e-n-accordion-item-title-icon'>\n\t\t\t<span class='e-opened' ><svg xmlns=\"http:\/\/www.w3.org\/2000\/svg\" width=\"24\" height=\"24\" viewBox=\"0 0 24 24\" fill=\"none\" stroke=\"currentColor\" stroke-width=\"2\" stroke-linecap=\"round\" stroke-linejoin=\"round\" class=\"lucide lucide-minus\"><path d=\"M5 12h14\"><\/path><\/svg><\/span>\n\t\t\t<span class='e-closed'><svg xmlns=\"http:\/\/www.w3.org\/2000\/svg\" width=\"24\" height=\"24\" viewBox=\"0 0 24 24\" fill=\"none\" stroke=\"currentColor\" stroke-width=\"2\" stroke-linecap=\"round\" stroke-linejoin=\"round\" class=\"lucide lucide-plus\"><path d=\"M5 12h14\"><\/path><path d=\"M12 5v14\"><\/path><\/svg><\/span>\n\t\t<\/span>\n\n\t\t\t\t\t\t<\/summary>\n\t\t\t\t<div role=\"region\" aria-labelledby=\"e-n-accordion-item-1992\" class=\"elementor-element elementor-element-8e68c32 e-con-full e-flex e-con e-child\" data-id=\"8e68c32\" data-element_type=\"container\">\n\t\t\t\t<div class=\"elementor-element elementor-element-892c9ff elementor-widget elementor-widget-text-editor\" data-id=\"892c9ff\" data-element_type=\"widget\" data-widget_type=\"text-editor.default\">\n\t\t\t\t<div class=\"elementor-widget-container\">\n\t\t\t\t\t\t\t\t\t<p>Immergetevi nella storia dell&#8217;Austria, proprio nel centro di Salisburgo. L&#8217;Hotel Amadeus \u00e8 uno dei migliori indirizzi nel cuore del centro storico di Salisburgo. \u00c8 circondato dall&#8217;intera lista di cose da fare per la vostra vacanza, tra cui la Linzer Gasse e la Getreidegasse con i loro bellissimi negozi e caff\u00e8, il Palazzo Mirabell, residenza e casa natale di Mozart, la cattedrale e la Residenz. Tra una visita e l&#8217;altra, vi consigliamo di fare una pausa rilassante in hotel, in un caff\u00e8 dell&#8217;Altsalzburg o in una rustica birreria all&#8217;aperto. Il vostro weekend nel cuore di Salisburgo pu\u00f2 essere cos\u00ec meravigliosamente semplice.    <\/p>\t\t\t\t\t\t\t\t<\/div>\n\t\t\t\t<\/div>\n\t\t\t\t<\/div>\n\t\t\t\t\t<\/details>\n\t\t\t\t\t\t<details id=\"e-n-accordion-item-1993\" class=\"e-n-accordion-item\" >\n\t\t\t\t<summary class=\"e-n-accordion-item-title\" data-accordion-index=\"4\" tabindex=\"-1\" aria-expanded=\"false\" aria-controls=\"e-n-accordion-item-1993\" >\n\t\t\t\t\t<span class='e-n-accordion-item-title-header'><div class=\"e-n-accordion-item-title-text\"> Destinazioni per escursioni a Salisburgo e dintorni <\/div><\/span>\n\t\t\t\t\t\t\t<span class='e-n-accordion-item-title-icon'>\n\t\t\t<span class='e-opened' ><svg xmlns=\"http:\/\/www.w3.org\/2000\/svg\" width=\"24\" height=\"24\" viewBox=\"0 0 24 24\" fill=\"none\" stroke=\"currentColor\" stroke-width=\"2\" stroke-linecap=\"round\" stroke-linejoin=\"round\" class=\"lucide lucide-minus\"><path d=\"M5 12h14\"><\/path><\/svg><\/span>\n\t\t\t<span class='e-closed'><svg xmlns=\"http:\/\/www.w3.org\/2000\/svg\" width=\"24\" height=\"24\" viewBox=\"0 0 24 24\" fill=\"none\" stroke=\"currentColor\" stroke-width=\"2\" stroke-linecap=\"round\" stroke-linejoin=\"round\" class=\"lucide lucide-plus\"><path d=\"M5 12h14\"><\/path><path d=\"M12 5v14\"><\/path><\/svg><\/span>\n\t\t<\/span>\n\n\t\t\t\t\t\t<\/summary>\n\t\t\t\t<div role=\"region\" aria-labelledby=\"e-n-accordion-item-1993\" class=\"elementor-element elementor-element-035d45f e-con-full e-flex e-con e-child\" data-id=\"035d45f\" data-element_type=\"container\">\n\t\t\t\t<div class=\"elementor-element elementor-element-fdf6dcc elementor-widget elementor-widget-text-editor\" data-id=\"fdf6dcc\" data-element_type=\"widget\" data-widget_type=\"text-editor.default\">\n\t\t\t\t<div class=\"elementor-widget-container\">\n\t\t\t\t\t\t\t\t\t<p>La citt\u00e0 di Mozart offre numerosi eventi culturali e attrazioni, come la Fortezza Hohensalzburg, la Residenz, il Castello di Hellbrunn, la casa natale di Mozart o la Cattedrale di Salisburgo. Ma ci sono anche numerose mete escursionistiche da scoprire al di fuori di Salisburgo! Molte di esse sono raggiungibili in auto in un&#8217;ora. Abbiamo raccolto per voi i migliori suggerimenti.   <\/p>\t\t\t\t\t\t\t\t<\/div>\n\t\t\t\t<\/div>\n\t\t\t\t<\/div>\n\t\t\t\t\t<\/details>\n\t\t\t\t\t\t<details id=\"e-n-accordion-item-1994\" class=\"e-n-accordion-item\" >\n\t\t\t\t<summary class=\"e-n-accordion-item-title\" data-accordion-index=\"5\" tabindex=\"-1\" aria-expanded=\"false\" aria-controls=\"e-n-accordion-item-1994\" >\n\t\t\t\t\t<span class='e-n-accordion-item-title-header'><div class=\"e-n-accordion-item-title-text\"> Visite a Salisburgo - tour e attrazioni <\/div><\/span>\n\t\t\t\t\t\t\t<span class='e-n-accordion-item-title-icon'>\n\t\t\t<span class='e-opened' ><svg xmlns=\"http:\/\/www.w3.org\/2000\/svg\" width=\"24\" height=\"24\" viewBox=\"0 0 24 24\" fill=\"none\" stroke=\"currentColor\" stroke-width=\"2\" stroke-linecap=\"round\" stroke-linejoin=\"round\" class=\"lucide lucide-minus\"><path d=\"M5 12h14\"><\/path><\/svg><\/span>\n\t\t\t<span class='e-closed'><svg xmlns=\"http:\/\/www.w3.org\/2000\/svg\" width=\"24\" height=\"24\" viewBox=\"0 0 24 24\" fill=\"none\" stroke=\"currentColor\" stroke-width=\"2\" stroke-linecap=\"round\" stroke-linejoin=\"round\" class=\"lucide lucide-plus\"><path d=\"M5 12h14\"><\/path><path d=\"M12 5v14\"><\/path><\/svg><\/span>\n\t\t<\/span>\n\n\t\t\t\t\t\t<\/summary>\n\t\t\t\t<div role=\"region\" aria-labelledby=\"e-n-accordion-item-1994\" class=\"elementor-element elementor-element-8dedd03 e-con-full e-flex e-con e-child\" data-id=\"8dedd03\" data-element_type=\"container\">\n\t\t\t\t<div class=\"elementor-element elementor-element-574f7dd elementor-widget elementor-widget-text-editor\" data-id=\"574f7dd\" data-element_type=\"widget\" data-widget_type=\"text-editor.default\">\n\t\t\t\t<div class=\"elementor-widget-container\">\n\t\t\t\t\t\t\t\t\t<p>Un giro turistico \u00e8 un ottimo modo per trascorrere la vostra vacanza in citt\u00e0 a Salisburgo, perch\u00e9 c&#8217;\u00e8 molto da vedere: La Residenza di Salisburgo, il Castello di Hellbrunn, la Fortezza di Hohensalzburg, la casa natale di Mozart o il Duomo di Salisburgo. La citt\u00e0 di Mozart offre tour sensazionali, soprattutto per gli appassionati di musica e film: concentratevi su Mozart o seguite le orme della famiglia Trapp con il Sound of Music Tour. Per cambiare prospettiva, non c&#8217;\u00e8 niente di meglio che esplorare la citt\u00e0 di Mozart dall&#8217;acqua.  <\/p>\t\t\t\t\t\t\t\t<\/div>\n\t\t\t\t<\/div>\n\t\t\t\t<\/div>\n\t\t\t\t\t<\/details>\n\t\t\t\t\t\t<details id=\"e-n-accordion-item-1995\" class=\"e-n-accordion-item\" >\n\t\t\t\t<summary class=\"e-n-accordion-item-title\" data-accordion-index=\"6\" tabindex=\"-1\" aria-expanded=\"false\" aria-controls=\"e-n-accordion-item-1995\" >\n\t\t\t\t\t<span class='e-n-accordion-item-title-header'><div class=\"e-n-accordion-item-title-text\"> Un ricco programma culturale a Salisburgo <\/div><\/span>\n\t\t\t\t\t\t\t<span class='e-n-accordion-item-title-icon'>\n\t\t\t<span class='e-opened' ><svg xmlns=\"http:\/\/www.w3.org\/2000\/svg\" width=\"24\" height=\"24\" viewBox=\"0 0 24 24\" fill=\"none\" stroke=\"currentColor\" stroke-width=\"2\" stroke-linecap=\"round\" stroke-linejoin=\"round\" class=\"lucide lucide-minus\"><path d=\"M5 12h14\"><\/path><\/svg><\/span>\n\t\t\t<span class='e-closed'><svg xmlns=\"http:\/\/www.w3.org\/2000\/svg\" width=\"24\" height=\"24\" viewBox=\"0 0 24 24\" fill=\"none\" stroke=\"currentColor\" stroke-width=\"2\" stroke-linecap=\"round\" stroke-linejoin=\"round\" class=\"lucide lucide-plus\"><path d=\"M5 12h14\"><\/path><path d=\"M12 5v14\"><\/path><\/svg><\/span>\n\t\t<\/span>\n\n\t\t\t\t\t\t<\/summary>\n\t\t\t\t<div role=\"region\" aria-labelledby=\"e-n-accordion-item-1995\" class=\"elementor-element elementor-element-60951f3 e-con-full e-flex e-con e-child\" data-id=\"60951f3\" data-element_type=\"container\">\n\t\t\t\t<div class=\"elementor-element elementor-element-d7e6610 elementor-widget elementor-widget-text-editor\" data-id=\"d7e6610\" data-element_type=\"widget\" data-widget_type=\"text-editor.default\">\n\t\t\t\t<div class=\"elementor-widget-container\">\n\t\t\t\t\t\t\t\t\t<p>I numerosi e variegati eventi culturali di Salisburgo dimostrano che Salisburgo non \u00e8 solo la citt\u00e0 di Mozart. La musica classica, il teatro e l&#8217;operetta si affiancano al teatro contemporaneo e alla cultura alternativa moderna. Salisburgo merita una visita in qualsiasi periodo dell&#8217;anno.  <\/p><p>La vita culturale di Salisburgo \u00e8 ricca e di prima classe. Salisburgo attira commercianti, artisti, capi di Stato, scienziati e dignitari da tutto il mondo, nonch\u00e9 giovani artisti e creativi. <\/p>\t\t\t\t\t\t\t\t<\/div>\n\t\t\t\t<\/div>\n\t\t\t\t<\/div>\n\t\t\t\t\t<\/details>\n\t\t\t\t\t\t<details id=\"e-n-accordion-item-1996\" class=\"e-n-accordion-item\" >\n\t\t\t\t<summary class=\"e-n-accordion-item-title\" data-accordion-index=\"7\" tabindex=\"-1\" aria-expanded=\"false\" aria-controls=\"e-n-accordion-item-1996\" >\n\t\t\t\t\t<span class='e-n-accordion-item-title-header'><div class=\"e-n-accordion-item-title-text\"> Sportivi e attivi nella citt\u00e0 di Mozart <\/div><\/span>\n\t\t\t\t\t\t\t<span class='e-n-accordion-item-title-icon'>\n\t\t\t<span class='e-opened' ><svg xmlns=\"http:\/\/www.w3.org\/2000\/svg\" width=\"24\" height=\"24\" viewBox=\"0 0 24 24\" fill=\"none\" stroke=\"currentColor\" stroke-width=\"2\" stroke-linecap=\"round\" stroke-linejoin=\"round\" class=\"lucide lucide-minus\"><path d=\"M5 12h14\"><\/path><\/svg><\/span>\n\t\t\t<span class='e-closed'><svg xmlns=\"http:\/\/www.w3.org\/2000\/svg\" width=\"24\" height=\"24\" viewBox=\"0 0 24 24\" fill=\"none\" stroke=\"currentColor\" stroke-width=\"2\" stroke-linecap=\"round\" stroke-linejoin=\"round\" class=\"lucide lucide-plus\"><path d=\"M5 12h14\"><\/path><path d=\"M12 5v14\"><\/path><\/svg><\/span>\n\t\t<\/span>\n\n\t\t\t\t\t\t<\/summary>\n\t\t\t\t<div role=\"region\" aria-labelledby=\"e-n-accordion-item-1996\" class=\"elementor-element elementor-element-c03cc62 e-con-full e-flex e-con e-child\" data-id=\"c03cc62\" data-element_type=\"container\">\n\t\t\t\t<div class=\"elementor-element elementor-element-a07a9a0 elementor-widget elementor-widget-text-editor\" data-id=\"a07a9a0\" data-element_type=\"widget\" data-widget_type=\"text-editor.default\">\n\t\t\t\t<div class=\"elementor-widget-container\">\n\t\t\t\t\t\t\t\t\t<p>Abwechslungsreich und vielseitig pr\u00e4sentiert sich Salzburg als Sportler-Paradies und Wellnessoase inmitten der herrlichen Naturkulisse des Salzburger und Berchtesgadener Landes und unweit des seenreichen Salzkammergutes. Entscheiden Sie jeden Tag aufs Neue, worauf Sie Lust haben. Ein entspannender Ausflug in die nahe Watzmann-Therme in Berchtesgaden vers\u00fc\u00dft Ihnen beispielsweise Schlechtwettertage.  <\/p><p>Al Golf &amp; Country Club di Klessheim vi troverete su un campo da golf impareggiabile in una posizione pittoresca, ma anche i campi da golf del Salzburg Golf Club offrono variet\u00e0 e le migliori condizioni, compreso uno dei pi\u00f9 antichi campi da golf dell&#8217;Austria. I tennisti si sentono a casa ad Anif. Il Tennispoint Momentum offre un&#8217;ampia scelta di campi indoor e outdoor.  <\/p>\t\t\t\t\t\t\t\t<\/div>\n\t\t\t\t<\/div>\n\t\t\t\t<\/div>\n\t\t\t\t\t<\/details>\n\t\t\t\t\t<\/div>\n\t\t\t\t\t<script type=\"application\/ld+json\">{\"@context\":\"https:\\\/\\\/schema.org\",\"@type\":\"FAQPage\",\"mainEntity\":[{\"@type\":\"Question\",\"name\":\"Consigli e idee per il vostro soggiorno in citt\\u00e0\",\"acceptedAnswer\":{\"@type\":\"Answer\",\"text\":\"State trascorrendo un weekend in citt\\u00e0 o volete vivere Salisburgo con i vostri bambini? Qui troverete consigli e idee per un viaggio indimenticabile nella citt\\u00e0 di Mozart.\"}},{\"@type\":\"Question\",\"name\":\"Attivit\\u00e0 e attrazioni a Salisburgo\",\"acceptedAnswer\":{\"@type\":\"Answer\",\"text\":\"La citt\\u00e0 di Salisburgo \\u00e8 il punto di partenza ideale per un soggiorno interessante e ricco di eventi nel cuore dell&#8217;Austria. Gli affascinanti dintorni della citt\\u00e0 di Salisburgo, con i suoi incantevoli paesaggi montani, fluviali e lacustri, offrono una combinazione unica di attivit\\u00e0 e mete escursionistiche.\"}},{\"@type\":\"Question\",\"name\":\"Consigli per un breve viaggio nella citt\\u00e0 di Mozart\",\"acceptedAnswer\":{\"@type\":\"Answer\",\"text\":\"Immergetevi nella storia dell&#8217;Austria, proprio nel centro di Salisburgo. L&#8217;Hotel Amadeus \\u00e8 uno dei migliori indirizzi nel cuore del centro storico di Salisburgo. \\u00c8 circondato dall&#8217;intera lista di cose da fare per la vostra vacanza, tra cui la Linzer Gasse e la Getreidegasse con i loro bellissimi negozi e caff\\u00e8, il Palazzo Mirabell, residenza e casa natale di Mozart, la cattedrale e la Residenz. Tra una visita e l&#8217;altra, vi consigliamo di fare una pausa rilassante in hotel, in un caff\\u00e8 dell&#8217;Altsalzburg o in una rustica birreria all&#8217;aperto. Il vostro weekend nel cuore di Salisburgo pu\\u00f2 essere cos\\u00ec meravigliosamente semplice.\"}},{\"@type\":\"Question\",\"name\":\"Destinazioni per escursioni a Salisburgo e dintorni\",\"acceptedAnswer\":{\"@type\":\"Answer\",\"text\":\"La citt\\u00e0 di Mozart offre numerosi eventi culturali e attrazioni, come la Fortezza Hohensalzburg, la Residenz, il Castello di Hellbrunn, la casa natale di Mozart o la Cattedrale di Salisburgo. Ma ci sono anche numerose mete escursionistiche da scoprire al di fuori di Salisburgo! Molte di esse sono raggiungibili in auto in un&#8217;ora. Abbiamo raccolto per voi i migliori suggerimenti.\"}},{\"@type\":\"Question\",\"name\":\"Visite a Salisburgo - tour e attrazioni\",\"acceptedAnswer\":{\"@type\":\"Answer\",\"text\":\"Un giro turistico \\u00e8 un ottimo modo per trascorrere la vostra vacanza in citt\\u00e0 a Salisburgo, perch\\u00e9 c&#8217;\\u00e8 molto da vedere: La Residenza di Salisburgo, il Castello di Hellbrunn, la Fortezza di Hohensalzburg, la casa natale di Mozart o il Duomo di Salisburgo. La citt\\u00e0 di Mozart offre tour sensazionali, soprattutto per gli appassionati di musica e film: concentratevi su Mozart o seguite le orme della famiglia Trapp con il Sound of Music Tour. Per cambiare prospettiva, non c&#8217;\\u00e8 niente di meglio che esplorare la citt\\u00e0 di Mozart dall&#8217;acqua.\"}},{\"@type\":\"Question\",\"name\":\"Un ricco programma culturale a Salisburgo\",\"acceptedAnswer\":{\"@type\":\"Answer\",\"text\":\"I numerosi e variegati eventi culturali di Salisburgo dimostrano che Salisburgo non \\u00e8 solo la citt\\u00e0 di Mozart. La musica classica, il teatro e l&#8217;operetta si affiancano al teatro contemporaneo e alla cultura alternativa moderna. Salisburgo merita una visita in qualsiasi periodo dell&#8217;anno.  La vita culturale di Salisburgo \\u00e8 ricca e di prima classe. Salisburgo attira commercianti, artisti, capi di Stato, scienziati e dignitari da tutto il mondo, nonch\\u00e9 giovani artisti e creativi.\"}},{\"@type\":\"Question\",\"name\":\"Sportivi e attivi nella citt\\u00e0 di Mozart\",\"acceptedAnswer\":{\"@type\":\"Answer\",\"text\":\"Abwechslungsreich und vielseitig pr\\u00e4sentiert sich Salzburg als Sportler-Paradies und Wellnessoase inmitten der herrlichen Naturkulisse des Salzburger und Berchtesgadener Landes und unweit des seenreichen Salzkammergutes. Entscheiden Sie jeden Tag aufs Neue, worauf Sie Lust haben. Ein entspannender Ausflug in die nahe Watzmann-Therme in Berchtesgaden vers\\u00fc\\u00dft Ihnen beispielsweise Schlechtwettertage.  Al Golf &amp; Country Club di Klessheim vi troverete su un campo da golf impareggiabile in una posizione pittoresca, ma anche i campi da golf del Salzburg Golf Club offrono variet\\u00e0 e le migliori condizioni, compreso uno dei pi\\u00f9 antichi campi da golf dell&#8217;Austria. I tennisti si sentono a casa ad Anif. Il Tennispoint Momentum offre un&#8217;ampia scelta di campi indoor e outdoor.\"}}]}<\/script>\n\t\t\t\t\t\t\t<\/div>\n\t\t\t\t<\/div>\n\t\t\t\t<\/div>\n\t\t\t\t\t<\/div>\n\t\t\t\t<\/main>\n\t\t\t\t<\/div>\n\t\t","protected":false},"excerpt":{"rendered":"<p>Attrazioni a Salisburgo e dintorni State pianificando un weekend in citt\u00e0 o volete visitare Salisburgo con i vostri bambini? Qui trovate suggerimenti e idee per un&#8217;esperienza indimenticabile nella citt\u00e0 di Mozart. Ausflugsziele Erlebnisse Kultur Sightseeing Sport Tutti Citt\u00e0 e campagna al meglio Dalla vivace Getreidegasse al mare di cupole e torri, fino alle bizzarre scogliere [&hellip;]<\/p>\n","protected":false},"author":1,"featured_media":0,"parent":0,"menu_order":0,"comment_status":"closed","ping_status":"closed","template":"elementor_header_footer","meta":{"_acf_changed":false,"footnotes":""},"class_list":["post-2564","page","type-page","status-publish","hentry"],"acf":[],"yoast_head":"<!-- This site is optimized with the Yoast SEO plugin v27.4 - https:\/\/yoast.com\/product\/yoast-seo-wordpress\/ -->\n<title>Visite a Salisburgo | Punti salienti ed escursioni<\/title>\n<meta name=\"description\" content=\"Scopri la diversit\u00e0 di Salisburgo\u25ba Siti famosi\u2713 Museo del giocattolo\u2713 Attivit\u00e0 principali\u2713 Migliori destinazioni per le escursioni\u2713\" \/>\n<meta name=\"robots\" content=\"index, follow, max-snippet:-1, max-image-preview:large, max-video-preview:-1\" \/>\n<link rel=\"canonical\" href=\"https:\/\/www.hotelamadeus.at\/it\/luoghi-di-interesse\/\" \/>\n<meta property=\"og:locale\" content=\"it_IT\" \/>\n<meta property=\"og:type\" content=\"article\" \/>\n<meta property=\"og:title\" content=\"Visite a Salisburgo | Punti salienti ed escursioni\" \/>\n<meta property=\"og:description\" content=\"Scopri la diversit\u00e0 di Salisburgo\u25ba Siti famosi\u2713 Museo del giocattolo\u2713 Attivit\u00e0 principali\u2713 Migliori destinazioni per le escursioni\u2713\" \/>\n<meta property=\"og:url\" content=\"https:\/\/www.hotelamadeus.at\/it\/luoghi-di-interesse\/\" \/>\n<meta property=\"og:site_name\" content=\"Hotel Amadeus\" \/>\n<meta property=\"article:publisher\" content=\"https:\/\/www.facebook.com\/Hotel.Amadeus.Salzburg\/\" \/>\n<meta property=\"article:modified_time\" content=\"2025-10-20T14:41:56+00:00\" \/>\n<meta name=\"twitter:card\" content=\"summary_large_image\" \/>\n<meta name=\"twitter:label1\" content=\"Tempo di lettura stimato\" \/>\n\t<meta name=\"twitter:data1\" content=\"6 minuti\" \/>\n<script type=\"application\/ld+json\" class=\"yoast-schema-graph\">{\"@context\":\"https:\\\/\\\/schema.org\",\"@graph\":[{\"@type\":\"WebPage\",\"@id\":\"https:\\\/\\\/www.hotelamadeus.at\\\/it\\\/luoghi-di-interesse\\\/\",\"url\":\"https:\\\/\\\/www.hotelamadeus.at\\\/it\\\/luoghi-di-interesse\\\/\",\"name\":\"Visite a Salisburgo | Punti salienti ed escursioni\",\"isPartOf\":{\"@id\":\"https:\\\/\\\/www.hotelamadeus.at\\\/it\\\/#website\"},\"datePublished\":\"2025-02-25T15:55:20+00:00\",\"dateModified\":\"2025-10-20T14:41:56+00:00\",\"description\":\"Scopri la diversit\u00e0 di Salisburgo\u25ba Siti famosi\u2713 Museo del giocattolo\u2713 Attivit\u00e0 principali\u2713 Migliori destinazioni per le escursioni\u2713\",\"breadcrumb\":{\"@id\":\"https:\\\/\\\/www.hotelamadeus.at\\\/it\\\/luoghi-di-interesse\\\/#breadcrumb\"},\"inLanguage\":\"it-IT\",\"potentialAction\":[{\"@type\":\"ReadAction\",\"target\":[\"https:\\\/\\\/www.hotelamadeus.at\\\/it\\\/luoghi-di-interesse\\\/\"]}]},{\"@type\":\"BreadcrumbList\",\"@id\":\"https:\\\/\\\/www.hotelamadeus.at\\\/it\\\/luoghi-di-interesse\\\/#breadcrumb\",\"itemListElement\":[{\"@type\":\"ListItem\",\"position\":1,\"name\":\"Startseite\",\"item\":\"https:\\\/\\\/www.hotelamadeus.at\\\/it\\\/start\\\/\"},{\"@type\":\"ListItem\",\"position\":2,\"name\":\"Luoghi di interesse\"}]},{\"@type\":\"WebSite\",\"@id\":\"https:\\\/\\\/www.hotelamadeus.at\\\/it\\\/#website\",\"url\":\"https:\\\/\\\/www.hotelamadeus.at\\\/it\\\/\",\"name\":\"Hotel Amadeus\",\"description\":\"Hotel Amadeus\",\"publisher\":{\"@id\":\"https:\\\/\\\/www.hotelamadeus.at\\\/it\\\/#organization\"},\"potentialAction\":[{\"@type\":\"SearchAction\",\"target\":{\"@type\":\"EntryPoint\",\"urlTemplate\":\"https:\\\/\\\/www.hotelamadeus.at\\\/it\\\/?s={search_term_string}\"},\"query-input\":{\"@type\":\"PropertyValueSpecification\",\"valueRequired\":true,\"valueName\":\"search_term_string\"}}],\"inLanguage\":\"it-IT\"},{\"@type\":\"Organization\",\"@id\":\"https:\\\/\\\/www.hotelamadeus.at\\\/it\\\/#organization\",\"name\":\"Hotel Amadeus\",\"url\":\"https:\\\/\\\/www.hotelamadeus.at\\\/it\\\/\",\"logo\":{\"@type\":\"ImageObject\",\"inLanguage\":\"it-IT\",\"@id\":\"https:\\\/\\\/www.hotelamadeus.at\\\/it\\\/#\\\/schema\\\/logo\\\/image\\\/\",\"url\":\"https:\\\/\\\/www.hotelamadeus.at\\\/content\\\/uploads\\\/hotel-amadeus-logo-short.svg\",\"contentUrl\":\"https:\\\/\\\/www.hotelamadeus.at\\\/content\\\/uploads\\\/hotel-amadeus-logo-short.svg\",\"width\":143,\"height\":48,\"caption\":\"Hotel Amadeus\"},\"image\":{\"@id\":\"https:\\\/\\\/www.hotelamadeus.at\\\/it\\\/#\\\/schema\\\/logo\\\/image\\\/\"},\"sameAs\":[\"https:\\\/\\\/www.facebook.com\\\/Hotel.Amadeus.Salzburg\\\/\",\"https:\\\/\\\/www.instagram.com\\\/hotel_amadeus_salzburg\\\/\"]}]}<\/script>\n<!-- \/ Yoast SEO plugin. -->","yoast_head_json":{"title":"Visite a Salisburgo | Punti salienti ed escursioni","description":"Scopri la diversit\u00e0 di Salisburgo\u25ba Siti famosi\u2713 Museo del giocattolo\u2713 Attivit\u00e0 principali\u2713 Migliori destinazioni per le escursioni\u2713","robots":{"index":"index","follow":"follow","max-snippet":"max-snippet:-1","max-image-preview":"max-image-preview:large","max-video-preview":"max-video-preview:-1"},"canonical":"https:\/\/www.hotelamadeus.at\/it\/luoghi-di-interesse\/","og_locale":"it_IT","og_type":"article","og_title":"Visite a Salisburgo | Punti salienti ed escursioni","og_description":"Scopri la diversit\u00e0 di Salisburgo\u25ba Siti famosi\u2713 Museo del giocattolo\u2713 Attivit\u00e0 principali\u2713 Migliori destinazioni per le escursioni\u2713","og_url":"https:\/\/www.hotelamadeus.at\/it\/luoghi-di-interesse\/","og_site_name":"Hotel Amadeus","article_publisher":"https:\/\/www.facebook.com\/Hotel.Amadeus.Salzburg\/","article_modified_time":"2025-10-20T14:41:56+00:00","twitter_card":"summary_large_image","twitter_misc":{"Tempo di lettura stimato":"6 minuti"},"schema":{"@context":"https:\/\/schema.org","@graph":[{"@type":"WebPage","@id":"https:\/\/www.hotelamadeus.at\/it\/luoghi-di-interesse\/","url":"https:\/\/www.hotelamadeus.at\/it\/luoghi-di-interesse\/","name":"Visite a Salisburgo | Punti salienti ed escursioni","isPartOf":{"@id":"https:\/\/www.hotelamadeus.at\/it\/#website"},"datePublished":"2025-02-25T15:55:20+00:00","dateModified":"2025-10-20T14:41:56+00:00","description":"Scopri la diversit\u00e0 di Salisburgo\u25ba Siti famosi\u2713 Museo del giocattolo\u2713 Attivit\u00e0 principali\u2713 Migliori destinazioni per le escursioni\u2713","breadcrumb":{"@id":"https:\/\/www.hotelamadeus.at\/it\/luoghi-di-interesse\/#breadcrumb"},"inLanguage":"it-IT","potentialAction":[{"@type":"ReadAction","target":["https:\/\/www.hotelamadeus.at\/it\/luoghi-di-interesse\/"]}]},{"@type":"BreadcrumbList","@id":"https:\/\/www.hotelamadeus.at\/it\/luoghi-di-interesse\/#breadcrumb","itemListElement":[{"@type":"ListItem","position":1,"name":"Startseite","item":"https:\/\/www.hotelamadeus.at\/it\/start\/"},{"@type":"ListItem","position":2,"name":"Luoghi di interesse"}]},{"@type":"WebSite","@id":"https:\/\/www.hotelamadeus.at\/it\/#website","url":"https:\/\/www.hotelamadeus.at\/it\/","name":"Hotel Amadeus","description":"Hotel Amadeus","publisher":{"@id":"https:\/\/www.hotelamadeus.at\/it\/#organization"},"potentialAction":[{"@type":"SearchAction","target":{"@type":"EntryPoint","urlTemplate":"https:\/\/www.hotelamadeus.at\/it\/?s={search_term_string}"},"query-input":{"@type":"PropertyValueSpecification","valueRequired":true,"valueName":"search_term_string"}}],"inLanguage":"it-IT"},{"@type":"Organization","@id":"https:\/\/www.hotelamadeus.at\/it\/#organization","name":"Hotel Amadeus","url":"https:\/\/www.hotelamadeus.at\/it\/","logo":{"@type":"ImageObject","inLanguage":"it-IT","@id":"https:\/\/www.hotelamadeus.at\/it\/#\/schema\/logo\/image\/","url":"https:\/\/www.hotelamadeus.at\/content\/uploads\/hotel-amadeus-logo-short.svg","contentUrl":"https:\/\/www.hotelamadeus.at\/content\/uploads\/hotel-amadeus-logo-short.svg","width":143,"height":48,"caption":"Hotel Amadeus"},"image":{"@id":"https:\/\/www.hotelamadeus.at\/it\/#\/schema\/logo\/image\/"},"sameAs":["https:\/\/www.facebook.com\/Hotel.Amadeus.Salzburg\/","https:\/\/www.instagram.com\/hotel_amadeus_salzburg\/"]}]}},"_links":{"self":[{"href":"https:\/\/www.hotelamadeus.at\/it\/wp-json\/wp\/v2\/pages\/2564","targetHints":{"allow":["GET"]}}],"collection":[{"href":"https:\/\/www.hotelamadeus.at\/it\/wp-json\/wp\/v2\/pages"}],"about":[{"href":"https:\/\/www.hotelamadeus.at\/it\/wp-json\/wp\/v2\/types\/page"}],"author":[{"embeddable":true,"href":"https:\/\/www.hotelamadeus.at\/it\/wp-json\/wp\/v2\/users\/1"}],"replies":[{"embeddable":true,"href":"https:\/\/www.hotelamadeus.at\/it\/wp-json\/wp\/v2\/comments?post=2564"}],"version-history":[{"count":1,"href":"https:\/\/www.hotelamadeus.at\/it\/wp-json\/wp\/v2\/pages\/2564\/revisions"}],"predecessor-version":[{"id":3855,"href":"https:\/\/www.hotelamadeus.at\/it\/wp-json\/wp\/v2\/pages\/2564\/revisions\/3855"}],"wp:attachment":[{"href":"https:\/\/www.hotelamadeus.at\/it\/wp-json\/wp\/v2\/media?parent=2564"}],"curies":[{"name":"wp","href":"https:\/\/api.w.org\/{rel}","templated":true}]}}